{"id":6309,"date":"2016-10-09T10:46:58","date_gmt":"2016-10-09T08:46:58","guid":{"rendered":"http:\/\/heimatverein.he-webpack.de\/?page_id=6309"},"modified":"2019-01-17T13:02:32","modified_gmt":"2019-01-17T12:02:32","slug":"jahresschriften-2009-2016","status":"publish","type":"page","link":"https:\/\/heimatverein.he-webpack.de\/?page_id=6309","title":{"rendered":"Jahresschriften 2009 &#8211; 2017"},"content":{"rendered":"<p><strong>Use Borger 2009<\/strong><br \/>\nVorwort &#8211; von Hermann Ubbenjans<\/p>\n<p><div id=\"attachment_5376\" style=\"width: 310px\" class=\"wp-caption alignright\"><a href=\"http:\/\/heimatverein.he-webpack.de\/wp-content\/uploads\/2015\/12\/Ehrung-smal.jpg\" rel=\"attachment wp-att-5376\" rel=\"lightbox[6309]\"><img loading=\"lazy\" decoding=\"async\" aria-describedby=\"caption-attachment-5376\" src=\"http:\/\/heimatverein.he-webpack.de\/wp-content\/uploads\/2015\/12\/Ehrung-smal-300x79.jpg\" alt=\"Ehrung des AK Geschichte durch die Gemeinde B\u00f6rger,  Kirmes 2015 - von li: Westerhoff, Kronabel, Becker, Ubbenjans, Behnen, Geers, Gebkenjans, Schmees, Albers, Geers, Plaggenborg Wintering und Schmitz durch die Gemeindevertreter Fleer und Kla\u00dfen\" width=\"300\" height=\"79\" class=\"size-medium wp-image-5376\" srcset=\"https:\/\/heimatverein.he-webpack.de\/wp-content\/uploads\/2015\/12\/Ehrung-smal-300x79.jpg 300w, https:\/\/heimatverein.he-webpack.de\/wp-content\/uploads\/2015\/12\/Ehrung-smal-768x201.jpg 768w, https:\/\/heimatverein.he-webpack.de\/wp-content\/uploads\/2015\/12\/Ehrung-smal-1024x268.jpg 1024w, https:\/\/heimatverein.he-webpack.de\/wp-content\/uploads\/2015\/12\/Ehrung-smal-150x39.jpg 150w, https:\/\/heimatverein.he-webpack.de\/wp-content\/uploads\/2015\/12\/Ehrung-smal-400x105.jpg 400w, https:\/\/heimatverein.he-webpack.de\/wp-content\/uploads\/2015\/12\/Ehrung-smal.jpg 1200w\" sizes=\"auto, (max-width: 300px) 100vw, 300px\" \/><\/a><p id=\"caption-attachment-5376\" class=\"wp-caption-text\">Ehrung des AK Geschichte durch die Gemeinde B\u00f6rger,<br \/>Kirmes 2015 &#8211; von li: Westerhoff, Kronabel, Becker, Ubbenjans, Behnen, Geers, Gebkenjans, Schmees, Albers, Geers, Plaggenborg Wintering und Schmitz durch die Gemeindevertreter Fleer und Kla\u00dfen<\/p><\/div><br \/>\nTeil I &#8211; Hauptteil<br \/>\nKLJB B\u00f6rger &#8211; von Jan Bernd M\u00fcller<br \/>\nAufnahme vor dem KH B\u00f6rger &#8211; von Bernd Gebkenjans<br \/>\nRadfahrerf\u00fchrerschein &#8211; von Hermann Schmitz<br \/>\nWilhelm Fleer Herkunft, Mensch, Handwerker, K\u00fcnstler &#8211; von Reinhard Rolfes<br \/>\nDe Tr\u00e4mse &#8211; Text von Hermann Ubbenjans<br \/>\nWegwarte &#8211; Gedicht von Dr. Heinrich Book, Lorup<br \/>\nN\u00e4hmaschinenkurs 1926 &#8211; von Bernd Gebkenjans<br \/>\nMaitied von Gesina Richter &#8211; vorgetragen von Christina Meiners 2006<br \/>\nTheaterspielen in B\u00f6rger in der 1. H\u00e4lfte des 20 Jahrhunderts &#8211; von Hans Geers<br \/>\nDat Plattd\u00fctske &#8211; von Hermann Ubbenjans<br \/>\nToau\u00b4t n\u00e4ije Joahr &#8211; Emsl\u00e4ndisches Volksgut<br \/>\nHeimweh &#8211; von \u00c4nne Westendorf<br \/>\nN\u00e9n Geburtsdaag ist wall ohne Froage &#8230; &#8211; von Helena T\u00f6bben g. Kossenjans<br \/>\nHolskenlaeid &#8211; H\u00fcmmlinger Volksgut<br \/>\nHochtiedsn\u00f6rger &#8211; \u00fcberliefert in B\u00f6rger<br \/>\n\u00dcberlieferter Redreim &#8211; aus B\u00f6rger<br \/>\nDas Hahnenschlachten &#8211; Ein alter Hochzeitsbrauch auf dem H\u00fcmmling &#8211; Eilermann<br \/>\nHoahn hoalen &#8211; aus der Sammlung von Walter Goldmann<br \/>\nSo is dat in Borger &#8211; aus der Sammlung von Walter Goldmann<br \/>\nDe Drai\u00f6rgelmann van Borger &#8211; aus der Sammlung von Christine Meiners, Bwald<\/p>\n<p>Teil II &#8211; Bekanntmachungen, Aktuelles<br \/>\nKirmes in B\u00f6rger &#8211; Ehrungen Kirmes 2008 &#8211; von UB<br \/>\nBeitr\u00e4ge aus der Geschichte und Gegenwart &#8211; EZ Willy Rave<br \/>\nMartin Kronabel neuer Stellvertretender Ortsbrandmeister \/ Lena Harwick gecarstet<br \/>\n20 Jahre Trachten- und Tanzgruppe des HV- von UB<br \/>\nWie ein Bild aus vergangenen Tagen &#8211; Winterk\u00e4lte von Bernd Gebkenjans<br \/>\nBiogasanlagen &#8211; Elektrizit\u00e4t und W\u00e4rme &#8211; von Hubert Westerhoff<br \/>\nGeschenk f\u00fcr den HV &#8211; EZ Willy Rave<br \/>\nGl\u00fcck Seges nei Joahr &#8211; von UB<br \/>\nWochenendnotdienste \/ Pfarrgemeinde St Barbara &#8211; EZ und Pfarrbrief<br \/>\nMoment mal, haben Sie Geduld &#8211; von Dieter Str\u00fcwing<br \/>\nSo schnell schreiben, wie andere Leute reden &#8211; EZ<br \/>\nH\u00f6here Gewerbesteuern &#8211; EZ<br \/>\nFr\u00fchjahrsputz in B\u00f6rger &#8211; von UB<br \/>\nFaszination Eule, Vortrag Dr. Sch\u00fcring, Wieste &#8211; von UB<br \/>\nDJK Eintracht, Vorstandswechsel, 90j\u00e4hr. Jubil\u00e4um &#8211; EZ Willy Rave<br \/>\nKindersegen in B\u00f6rger 2009 &#8211; EZ<br \/>\nKunstmaler Heinz Kramer Hinte gestorben &#8211; von UB<br \/>\nSozialverband VdK ehrt Mitglieder &#8211; vom VdK Vorstand Adele Wessels<br \/>\nGoldene Ehrennadel f\u00fcr Josef G\u00f6\u00dfling &#8211; EZ Willy Rave<br \/>\nWanderkarte f\u00fcr den H\u00fcmmlinger Pilgerweg &#8211; EZ Cloppenburg<br \/>\nErstkommunion, Konfirmation &#8211; Berichte Kirchengemeinden<br \/>\nFirmlinge 2009 &#8211; Bericht Kirchengemeinde<br \/>\nFreie Realschule, nun doch nicht? &#8211; von UB<br \/>\nEinschulung 2009 in B\u00f6rger &#8211; Jan Heinemann<br \/>\nSch\u00fctzenfest 2009 &#8211; Foto Andrea Korte<br \/>\nSchulentlassung 15.03.1959 &#8211; Bericht u. Fotos Hans Geers<br \/>\nKinder aus B\u00f6rger in Quakenbr\u00fcck beim NDR &#8211; Berssenbr\u00fccker Nachrichten<br \/>\nBlitzschlag bei Gewitter, Sommerliche Impressionen &#8211; von Bernd Gebkenjans<br \/>\nNatur erleben, Klassenzimmer im Gr\u00fcnen &#8211; Bericht Wecker \/ EZ Willy Rawe<br \/>\nTeichfest, Kartoffelfest 2009 &#8211; von UB<br \/>\nBildnachlese Teichfest-Kartoffelfest 2009 &#8211; Hubert Westerhoff, Jan Hendrik Schmitz, UB<br \/>\nFahrt mit der Emsl\u00e4ndischen Eisenbahn &#8211; von UB<br \/>\nAndacht in den Sur-Dannen &#8211; von Hermann Schmitz<br \/>\nMinistranten auf Wallfahrt &#8211; EZ Bericht<br \/>\nSonntags Gedanken &#8211; Sonntags Report-Bericht<br \/>\nBuch Unser H\u00fcmmling von Thekla Brinker vorgestellt &#8211; von Anne Schmitz<br \/>\nHervorragende sportliche Leistungen &#8211; Bildtext von Jan Heinemann<br \/>\nBundesjugendspiele &#8211; Bild von Jan Heinemann<br \/>\nAus der Wirtschaft &#8211; Sammelbericht<br \/>\nGeburtstagsjubil\u00e4en unserer Vereinsmitglieder<br \/>\nGeehrte der Gemeinde<br \/>\nStandesamt Nachrichten<br \/>\nNachrichten aus der Kirchengemeinde<br \/>\nIn eigener Sache &#8211; Nachbestellungen<\/p>\n<p><strong><br \/>\nUse Borger 2010<\/strong><br \/>\nVorwort &#8211; von Bernd Gebkenjans<\/p>\n<p><div id=\"attachment_2287\" style=\"width: 310px\" class=\"wp-caption alignright\"><a href=\"http:\/\/heimatverein.he-webpack.de\/wp-content\/uploads\/2011\/11\/Vorstellung-Use-Borger-1200.jpg\" rel=\"attachment wp-att-2287\" rel=\"lightbox[6309]\"><img loading=\"lazy\" decoding=\"async\" aria-describedby=\"caption-attachment-2287\" src=\"http:\/\/heimatverein.he-webpack.de\/wp-content\/uploads\/2011\/11\/Vorstellung-Use-Borger-1200-300x166.jpg\" alt=\"Vorstellung Use Borger 2011 - Die ersten Exemplare gehen an den Bgm. und den Pastor (von re.)\" width=\"300\" height=\"166\" class=\"size-medium wp-image-2287\" srcset=\"https:\/\/heimatverein.he-webpack.de\/wp-content\/uploads\/2011\/11\/Vorstellung-Use-Borger-1200-300x166.jpg 300w, https:\/\/heimatverein.he-webpack.de\/wp-content\/uploads\/2011\/11\/Vorstellung-Use-Borger-1200-1024x568.jpg 1024w, https:\/\/heimatverein.he-webpack.de\/wp-content\/uploads\/2011\/11\/Vorstellung-Use-Borger-1200.jpg 1200w\" sizes=\"auto, (max-width: 300px) 100vw, 300px\" \/><\/a><p id=\"caption-attachment-2287\" class=\"wp-caption-text\">Vorstellung Use Borger 2011 &#8211; Die ersten Exemplare gehen an den Bgm. und den Pastor (von re.)<\/p><\/div>Teil I &#8211; Hauptteil<br \/>\nB\u00f6rger Schwarz Wei\u00df, Fotos aus den 1960ern Kromschr\u00f6der &#8211; von Bernd Gebkenjans<br \/>\nHerr Trautmann lobte sein sandiges Land &#8211; gefunden von Herm. Schmitz<br \/>\nKriegs-, Nachkriegsgeschichten &#8211; von Rolfes, Geers, Goldmann, Klassen, Korten<br \/>\nDer Opferstein in B\u00f6rger &#8211; Foto Fa. Stein und Co. 1905<br \/>\nEugen Bracht malte in B\u00f6rger &#8211; von Hermann Ubbenjans<br \/>\nNachruf Dr. Hubert Hanenkamp &#8211; von Hermann Ubbenjans<br \/>\nNachruf Herm. Connemann &#8211; von Hermann Ubbenjans<br \/>\nWagenschul u. Heimathaus &#8211; Bild von Tanja u. Manfred Grote<br \/>\nOlde Tieten, neie Tieten &#8211; von Dr. Hans M\u00fcller<br \/>\nHochtiedsn\u00f6rger &#8211; \u00fcberliefert Christa u. Heinz Sch\u00fcrmann<br \/>\nNeckreime &#8211; H\u00fcmmlinger Brauchtum<br \/>\nDanz-Laeid &#8211; H\u00fcmmlinger Brauchtum<br \/>\nBrut-Laeid &#8211; H\u00fcmmlinger Brauchtum<br \/>\nHochtiedslaeid &#8211; H\u00fcmmlinger Brauchtum<br \/>\nWiegenlaeid &#8211; H\u00fcmmlinger Brauchtum<br \/>\nFotor\u00e4tsel gel\u00f6st &#8211; von Reinhard Rolfes<\/p>\n<p>Teil II &#8211; Bekanntmachungen, Aktuelles<br \/>\nLitfasss\u00e4ule &#8211; von Bernd Gebkenjans<br \/>\nUt dat Heilige Evangelium na Lukas &#8211; von Pastor Karl Heinz Santel<br \/>\nPredigt &#8211; Erntedank 2009 &#8211; von Pastor Karl Heinz Santel<br \/>\nkaermse un Erntedank 2009 &#8211; von UB<br \/>\nPhotovoltaik-Anlagen von Bernd Gebkenjans<br \/>\nGemeinschaftskonzert &#8211; Kirchenchor \/ Luftwaffenmusikkorps MS<br \/>\nGr\u00fcnkohlessen im Heimathaus &#8211; von UB<br \/>\nAktive Landjugend in B\u00f6rger &#8211; KLJB B\u00f6rger<br \/>\nJahresempfang beim HV B\u00f6rger &#8211; von UB<br \/>\nWinter in der jahreswende 2009\/2010 &#8211; von Bernd Gebkenjans<br \/>\nWeihnachtsmannfreie Zone &#8211; von Bernd Gebkenjans<br \/>\nSch\u00fcler aus B\u00f6rer helfen M\u00fcllkindern von Kairo &#8211; von Willy Rawe<br \/>\nOpa latt de Puppen danzen &#8211; von UB<br \/>\n\u00c4ra Albers endet nach 37 jahren &#8211; von Willy Rawe<br \/>\nEhrungen bei der Feuerwehr B\u00f6rger &#8211; von Willy Rawe<br \/>\nKreuzweg der Jugend &#8211; von J\u00fcrgen Eden v.H.z.H.<br \/>\nKarneval in B\u00f6rger &#8211; von Hubert Westerhoff<br \/>\nChrowanderschaft f\u00fchrte nach B\u00f6rger &#8211; von Willy Rawe<br \/>\nNeue Ehrenmitglieder im HV &#8211; von UB<br \/>\nBauruine beseitigt &#8211; von UB<br \/>\nVorstandsteam f\u00fchrt die Gesch\u00e4fte beim Kolping &#8211; von Willy Rave<br \/>\nMit offenen Armen empfangen &#8211; Bericht EZ<br \/>\nWiedererrichtung der Zehntscheune abgelehnt &#8211; von UB<br \/>\nJ\u00e4gergruppe baut Vereinsheim &#8211; von Heinz W\u00f6ste<br \/>\nGoldenes Rehbhuhn f\u00fcr Hans Korte &#8211; von Willy Rawe<br \/>\nBesuch aus Frankreich &#8211; von UB<br \/>\nFerienspa\u00dfaktion &#8211; von UB<br \/>\nOrkansturm \u00fcber B\u00f6rger &#8211; von UB<br \/>\nSch\u00fctzenfest 2010 &#8211; von UB<br \/>\nBildnachlese Sch\u00fctzenfest &#8211; von Hubert Westerhoff<br \/>\nGarten AG an der Grundschule B\u00f6rger &#8211; von Jan Heinemann<br \/>\nRealschule B\u00f6rger &#8211; von UB<br \/>\nFreude an der Arbeit mit Jugendlichen &#8211; Zelabo Herm Ubbenjans jun.<br \/>\nSchulentlassungen, Klassentreffen &#8211; von Hans Geers<br \/>\nMit Landwirtschaft nicht viel zu tun &#8211; EZ und UB<br \/>\nEinschulungen 2010 &#8211; Jan Heinemann<br \/>\nAusflug Hunebedmuseum nach Holland &#8211; von UB<br \/>\nAus der Wirtschaft &#8211; von UB<br \/>\nHervorragende sportliche Leistungen &#8211; EZ Bericht<br \/>\nGeburtstagsjubil\u00e4en unserer Vereinsmitglieder<br \/>\nGeehrte der Gemeinde<br \/>\nStandesamts Nachrichten<br \/>\nNachrichten aus den Kirchengemeinden<br \/>\nNachbestellungen &#8211; Infos<\/p>\n<p><strong><br \/>\nUse Borger 2011<\/strong><br \/>\nVorwort &#8211; von Hermann Schmitz<\/p>\n<p>Teil I &#8211; Hauptteil<br \/>\nDe Hochtiedsn\u00f6rger &#8211; H\u00fcmmlinger Brauchtum<br \/>\nGedicht zur Hochzeit von Thekla und Gerhard Sandker, Dosfeld &#8211; von Thekla Terhalle (Kossen)<br \/>\nGedicht zur Hochzeit von Thekla und Gerhard Sandker, Dosfeld &#8211; von Johanna Kr\u00f6ger (Schr\u00f6er)<br \/>\nHochzeitsfoto von Thekla und Gerhard Sandker-Bundes, Dosfeld &#8211; Sammlung Herm. Ubbenjans<br \/>\nGedicht zur Hochzeit von Thekla und Gerhard Sandker, Dosfeld &#8211; von Johanna Kr\u00f6ger (Schr\u00f6er)<br \/>\nBrut Laeid &#8211; H\u00fcmmlinger Brauchtum<br \/>\nHochtiedslitanei &#8211; aus der Sammlung von Johanna Schr\u00f6er<br \/>\nWiegen-Laid bi Karkenl\u00fcen &#8211; H\u00fcmmlinger Brauchtum<br \/>\nWiegen-Laid up\u00b4n Schaukelstoaul &#8211; H\u00fcmmlinger Brauchtum<br \/>\nDrink Laier &#8211; H\u00fcmmlinger Brauchtum<br \/>\nKinner Laier &#8211; H\u00fcmmlinger Brauchtum<br \/>\nWalkem\u00fchle B\u00f6rger &#8211; Zeichnung von Reinhard Federhofer, B\u00f6rger<br \/>\nPostkarten Motiv von 1927 vom Opferstein &#8211; Archiv Heimatverein<br \/>\nDer B\u00f6rgerwald &#8211; Gedicht von Nikolaus Ubbenjans-Guts, B\u00f6rgerwald<br \/>\nDe Hochtiedsn\u00f6rger &#8211; von E. A. Lagemann Harrenst\u00e4tte<br \/>\nHochzeitsfoto von Margret und Franz Klaas, B\u00f6rgerwald &#8211; aus der Sammlung von Lib. Geers<br \/>\nEwige Treue &#8211; Gedicht von Nikolaus Ubbenjans &#8211; Guts, B\u00f6rgerwald<br \/>\nSchicksal und Verbleib von Nachkommen der Familien Jacobs, B\u00f6rger &#8211; von UB<br \/>\nB\u00f6rger Waldstra\u00dfe &#8211; Winterbild von 1940<br \/>\nReise durch Israel und Besuch bei Yitro Jacobs &#8211; von Gertrud Althoff, M\u00fcnster<br \/>\nYitro und Kinder in B\u00f6rger &#8211; von Hermann Ubbenjans<br \/>\nHorst Kastner, mein Weg nach B\u00f6rger &#8211; von Hubert Westerhoff<br \/>\nSchafstall an der Breddenbergerstra\u00dfe in B\u00f6rger &#8211; Kalenderblatt 1970er Jahre<br \/>\nVom Emsland nach Vrabstal in Nordbosnien &#8211; von Reinhard Rolfes<br \/>\nGem\u00e4lder Roggenernte &#8211; von Heinz Kramer-Hinte<br \/>\nGem\u00e4lde vom Schafstall am Wacholderhain &#8211; von Heinz Kramer-Hinte<br \/>\nDer Kampf gegen die Schwindsucht &#8211; von Hans Geers und Reinhard Rolfes<br \/>\nMien H\u00fcmmling &#8211; Gedicht von Franz M\u00f6ller, Lathen<br \/>\nDer B\u00f6rger Walkem\u00fcller &#8211; von Ansgar Kossen<br \/>\nKohlezeichnung Schafstall am Wacholderhain &#8211; von Heinz Kramer Hinte<br \/>\nFoto der M\u00fchlenstra\u00dfen Nachbarschaft &#8211; von Manfred Grote<br \/>\nKohlezeichnung Schafst\u00e4lle am Wacholderhain &#8211; von Dietrich Janssen-Jennelt<\/p>\n<p>Teil II &#8211; Bekanntmachungen, Aktuelles<br \/>\nKirmes und Erntedank &#8211; von UB<br \/>\nKirchenvorstands- und Pfarrgemeinderatswahlen<br \/>\nKLJB Vorstand neu zusammengesetzt<br \/>\nGoldenes Ordensjubil\u00e4um von Sr. Theresilla geb. Gertrud Kerssens<br \/>\nDokumente gegen das Vergessen &#8211; von Wily Rawe<br \/>\nKunstschule Tricolor in B\u00f6rger &#8211; aus dem Wecker<br \/>\nFotowettbewerb pr\u00e4miert &#8211; von UB<br \/>\nNeijoarskauken &#8211; von Bernd Gebkenjans<br \/>\nDreik\u00f6nigstag in B\u00f6rger &#8211; von UB<br \/>\nKH B\u00f6rger &#8211; Vom Dienst an Hilfsbed\u00fcrftigen gepr\u00e4gt &#8211; von Willy Rave<br \/>\nUnd ab geht die Post, Karneval in B\u00f6rger &#8211; EZ<br \/>\nLandstra\u00dfe 62 von B\u00f6rger nach Neub\u00f6rger restauriert &#8211; EZ<br \/>\nTheatergruppe B\u00f6rger &#8211; EZ<br \/>\nDank an Adele Jansen &#8211; von UB<br \/>\nDichterlesung auf der Mitgliederversammlung &#8211; von UB<br \/>\nGro\u00dfer Preis von B\u00f6rger &#8211; von UB<br \/>\nSchulfest in der GHS B\u00f6rger &#8211; von Jan Heinemann<br \/>\nEhrungen 50 Jahre Kreismeiter im Fu\u00dfball &#8211; von Hans Geers<br \/>\nSchulentlassung 1961 &#8211; aus Archiv Hans Geers<br \/>\nKlassentreffen Entlass-Jahrgang 1954 &#8211; von UB<br \/>\nKlassentreffen Jg 1929-1930 &#8211; aus Archiv Hans Geers<br \/>\nFreiwilligen Dienst in Afrika und S\u00fcdamerika &#8211; EZ<br \/>\nKonfirmation, Erstkommunion, Firmlinge &#8211; von den Kirchengemeinde<br \/>\nSch\u00fctzenfest in B\u00f6rger &#8211; von Hubert Westerhoff<br \/>\nDas gesunde Fr\u00fchst\u00fcck &#8211; von UB<br \/>\nEinschulung bei der Grundschule in B\u00f6rger &#8211; von Jan Heinemann<br \/>\nPrivatschule B\u00f6rger startet mit 14 Sch\u00fcler &#8211; von der Homepage<br \/>\nSchulgeb\u00e4ude \u00fcbergeben Schulbeginn &#8211; von der Homepage FSH<br \/>\nKolpingfamilie B\u00f6rger ohne Vorsitzenden &#8211; von UB<br \/>\nJagd &#8211; und Naturkundehaus eingeweiht &#8211; von UB<br \/>\nVorsitzender des Chores, Wintering zur\u00fcckgetreten &#8211; von Willy Rave<br \/>\nFerienpassaktionen in B\u00f6rger &#8211; von UB<br \/>\nSchneckenplage &#8211; von Bernd Gebkenjans<br \/>\nErgebnisse der Kommunalwahl in B\u00f6rger &#8211; SG S\u00f6gel Daten<br \/>\nAhnenb\u00f6rse in Lingen &#8211; von UB<br \/>\nKreativit\u00e4t f\u00fchrt zusammen &#8211; von Hedwig Schmitz und Frank Schmees<br \/>\nDer H\u00fcmmling auf einen Blick &#8211; von Birgit Brinker EZ<br \/>\nAusflug des HV ins S\u00fcdbrookmerland &#8211; von UB<br \/>\nSchulhofgestaltung an der Jahnstra\u00dfe in B\u00f6rger &#8211; von Jan Heinemann<br \/>\nWegenetz auf dem Friedhof wurde retauriert &#8211; von UB<br \/>\nEhrenamtlich in der Gemeinde mitarbeiten &#8211; von UB<br \/>\nBei Wind und Wetter im Einsatz &#8211; EZ Artikel<br \/>\nSchaufenster der Wirtschaft &#8211; von UB<br \/>\nHervorragende sportliche Leitungen &#8211; von UB<br \/>\nGeburtstagsjubil\u00e4en unserer Vereinsmitglieder &#8211; von UB<br \/>\nGeehrte der Gemeinde &#8211; Daten der Gemeinde<br \/>\nNachrichten der Kirchengemeinde &#8211; Daten der Kirchengemeinde<br \/>\nIn eigener Sache &#8211; von UB<br \/>\nNotizen &#8211; Buchbestellungen<\/p>\n<p><strong>Use Borger 2012<\/strong><br \/>\nVorwort &#8211; von Bernd Gebkenjans<\/p>\n<p>Teil I &#8211; Hauptteil<br \/>\nVorwort &#8211; von Bernd Gebkenjans<br \/>\nAufnahme \u201eStallgeb\u00e4ude am Westerberg\u201c &#8211; von Wilfried Snieders<br \/>\nVor 100 Jahren starb Pfarrer Hermann Zurlage \u2013 von Hermann Ubbenjans<br \/>\nIm Wacholderhain &#8211; von Gesina Richter vorgetragen von Christina Meiners<br \/>\n80 Jahre Dienst am Menschen in B\u00f6rger &#8211; von Hans Geers u. Reinhard Rolfes<br \/>\nAlt und sch\u00f6n \u2013 Fotografien von Mia Helmers und Koni Federhofer<br \/>\nGeschichte ist lebendig \u2013 von Hermann Ubbenjans<br \/>\nSehr ihr das Kreuz \u2013 von Josef Connemann<br \/>\nOtto M\u00fcller \u2013 von Hans Geers u. Reinhard Rolfes und Hans J. Ryszewski<br \/>\nBoaukweitenfeld im Moor \u2013 von Dietrich Janssen-Jennelt<br \/>\nAuswanderung von B\u00f6rger nach Meppen Illinois \u2013 von Dr. Wilhelm Kossenjans<br \/>\nAnhang zum Bericht \u201eAuswanderungen\u201c &#8211; zusammengestellt von Herm. Ubbenjans<br \/>\nWinter an der Eschstra\u00dfe \u2013 vom Fotowettbewerb Stefanie M\u00fcller-Oldiges<br \/>\nFreuer was allet b\u00e4ter \u2013 von Columbina Rolfes 1990<br \/>\nHoal Woater \u2013 Wechselgesang<br \/>\nH\u00fcmmling Heimat \u2013 \u00dcberlieferter Text (Sammlung Johanna Schr\u00f6er)<br \/>\nHochzeitsbild Klassen \/ Ubbenjans 1958 &#8211; Archiv Hans Geers<br \/>\nHochtiedsn\u00f6rger \u2013 Archiv R\u00f6we Jan B\u00f6rgerwald<br \/>\nIch geh mit meiner Laterne \u2013 H\u00fcmmlinger Brauchtum<br \/>\nLaterne, Laterne \u2013 H\u00fcmmlinger Brauchtum<br \/>\nMartins Laeier \u2013 H\u00fcmmlinger Brauchtum<br \/>\nS\u00fcnner Kloas \u2013 H\u00fcmmlinger Brauchtum C. D. Lagemann Harrenst\u00e4tte<br \/>\nS\u00fcnner Kloas un Knecht Ruprecht \u2013 August Hollweg<\/p>\n<p>Teil II &#8211; Aktueller Teil<br \/>\nBekanntmachungen<br \/>\nNeuigkeiten von Grund- und Hauptschule<br \/>\nMeppener von der Ems in Meppen am Illinois-Flu\u00df &#8211; MT Bericht<br \/>\nKirmes in B\u00f6rger \u2013 von Willy Rave<br \/>\nAuszeichnung f\u00fcr Ehrenamtliche Arbeit und Sanierung auf dem Friedhof &#8211; EZ<br \/>\nReise in die Steinzeit und Herkunft des Namens B\u00f6rger \u2013 von UB<br \/>\nHeimathaus gestrichen und Anpacken up \u00b4n Schoaulhoff &#8211; Bericht EZ<br \/>\nB\u00fcrgermeisterwahl in B\u00f6rger \u2013 Bericht EZ<br \/>\nUse Borger 2011 vorgestellt \u2013 von UB<br \/>\nManfred Klaas und Alfons Kleine geehrt \u2013 von Willy Rave<br \/>\nWeihnachtsbasar der Caritas \u2013 aus Lukasboten Papenburg<br \/>\nRadwegenetze komplettieren \u2013 EZ Sept 2012<br \/>\nNeujahrsempfang des Heimatverein \u2013 von UB<br \/>\nEhrenvorsitz f\u00fcr Hermann Wintering, &#8211; von Willy Rave EZ<br \/>\nMit handgemachten Wanderst\u00e4ben pilgern, &#8211; EZ Bericht<br \/>\nTheatergruppe pr\u00e4sentiert den Meisterboxer \u2013 Bericht EZ<br \/>\nKarneval 2012 \u2013 von Hubert Westerhoff<br \/>\nWilhelm Terhalle Ehrenpr\u00e4sident \u2013 Bericht EZ<br \/>\nDer Gro\u00dfe Preis von B\u00f6rger ist eine gute Werbung \u2013 Bericht EZ<br \/>\n60 Jahre Koping \u2013 von Hubert Westerhoff, Dank aus Tansania \u2013 EZ Bericht<br \/>\nMaibaumsetzen \u2013 von Bernd Gebkenjans<br \/>\nDas Jagd- und Naturkundehaus \u2013 von Hubert Westerhoff<br \/>\nSt. Lukasheim auf dem Pilgerweg \u2013 von Anne Kr\u00f6ger EZ<br \/>\nGedenkstein f\u00fcr totgeborene Kinder \u2013 Bericht EZ<br \/>\nTabi \u2013 St. Lukas gr\u00fcndet neue Au\u00dfenstelle \u2013 Bericht EZ Hinrichs<br \/>\nFamilienforschung des Heimatverein und Bank\u00fcberfall in B\u00f6rger \u2013 von UB<br \/>\nDas Sams \u2013 Schule im Musicalfieber \u2013 Bericht EZ<br \/>\nErstkommunion, Firmung und Konfirmation<br \/>\nSchulentlassung \u2013 von Hans Geers<br \/>\nGerd Sievers Sch\u00fctzenk\u00f6nig in B\u00f6rger \u2013 von Hubert Westerhoff<br \/>\nEmpfang f\u00fcr Matthew Vallipallam aus Indien \u2013 von UB<br \/>\nFerienpassaktion \u2013 von UB<br \/>\nSandh\u00f6ger Treff \u2013 Bericht EZ<br \/>\nEinschulung \u2013 von Jan Heinemann<br \/>\nJan Heinemann wechselt zur Schule nach Lorup \u2013 Bericht EZ Hinrichs<br \/>\nImpressionen vom Pfarrfest 2012 \u2013 von Hubert Westerhoff<br \/>\nAuf den Spuren der Auswanderer \u2013 von UB<br \/>\nDas Jahr ist ein Schatz \u2013 Bericht EZ<br \/>\nEin Jahr in Afrika \u2013 von Helena Langen<br \/>\nRuhe kehrt noch nicht ein \u2013 Berichte EZ<br \/>\nPastors 60. Geburtstag \u2013 von UB<br \/>\nBunte Parade von Oldtimern \u2013 EZ,<br \/>\nEnde eine Wahrzeichens \u2013 Bernd Gebkenjans<br \/>\nGemeinde ehrte Thekla u. Christine D\u00fcttmann \u2013 von Willy Rave<br \/>\nSchaufenster der Wirtschaft \u2013 von UB<br \/>\nHervorragende sportliche Leistungen \u2013 von UB<br \/>\nGeburtstagsjubil\u00e4en unserer Vereinsmitglieder<br \/>\nMitteilungen aus Gemeinde und Pfarrgemeinden<\/p>\n<p><strong>Use Borger 2013<\/strong><br \/>\nVorwort &#8211; von Hermann Ubbenjans<\/p>\n<p><div id=\"attachment_6247\" style=\"width: 310px\" class=\"wp-caption alignright\"><a href=\"http:\/\/heimatverein.he-webpack.de\/wp-content\/uploads\/2016\/09\/FamForschgHilk-1200.jpg\" rel=\"attachment wp-att-6247\" rel=\"lightbox[6309]\"><img loading=\"lazy\" decoding=\"async\" aria-describedby=\"caption-attachment-6247\" src=\"http:\/\/heimatverein.he-webpack.de\/wp-content\/uploads\/2016\/09\/FamForschgHilk-1200-300x196.jpg\" alt=\"Vorstellung der Jahresschriften auf dem Kreisheimattag 2016 in Hilkenbrook (von li.: Hans Geers, Hermann Ubbenjans u. Heinz Oldiges)\" width=\"300\" height=\"196\" class=\"size-medium wp-image-6247\" srcset=\"https:\/\/heimatverein.he-webpack.de\/wp-content\/uploads\/2016\/09\/FamForschgHilk-1200-300x196.jpg 300w, https:\/\/heimatverein.he-webpack.de\/wp-content\/uploads\/2016\/09\/FamForschgHilk-1200-768x502.jpg 768w, https:\/\/heimatverein.he-webpack.de\/wp-content\/uploads\/2016\/09\/FamForschgHilk-1200-1024x669.jpg 1024w, https:\/\/heimatverein.he-webpack.de\/wp-content\/uploads\/2016\/09\/FamForschgHilk-1200-150x98.jpg 150w, https:\/\/heimatverein.he-webpack.de\/wp-content\/uploads\/2016\/09\/FamForschgHilk-1200-400x261.jpg 400w, https:\/\/heimatverein.he-webpack.de\/wp-content\/uploads\/2016\/09\/FamForschgHilk-1200.jpg 1200w\" sizes=\"auto, (max-width: 300px) 100vw, 300px\" \/><\/a><p id=\"caption-attachment-6247\" class=\"wp-caption-text\">Vorstellung der Jahresschriften auf dem Kreisheimattag 2016 in Hilkenbrook (von li.: Hans Geers, Hermann Ubbenjans u. Heinz Oldiges)<\/p><\/div>Teil I &#8211; Hauptteil<br \/>\nZeichnung Walkem\u00fchle &#8211; von Dieter R\u00f6hr (1989)<br \/>\nErika-Siedlung, Entstehung und Entwicklung &#8211; von Hans Geers und Reinhard Rolfes<br \/>\nLandlust, Flucht in die Idylle &#8211; von Bernd Gebkenjans<br \/>\nAlt und Sch\u00f6n, alte Buchen &#8211; von Maria Helmers u. Koni Federhofer<br \/>\nMethusalems des H\u00fcmmling &#8211; von UB<br \/>\nDie Rose &#8211; Gedicht von Nikolaus Rolfes 1883<br \/>\nHochtiet in de 1940er Joahre &#8211; von Herm. Ubbenjans sen.<br \/>\nHochzeitsbild &#8211; Familie Ker\u00dfens\/Albers (S\u00e4bsine)<br \/>\nRezept-Sammlung &#8211; von der 1150-Jahr-Feier<br \/>\nAdvent &#8211; ein Gedicht von Helena Ubbenjans<\/p>\n<p>Teil II &#8211; Aktueller Teil<br \/>\nBekanntmachungen<br \/>\nPr\u00e4chtige Erntewagen zur Kirmes in B\u00f6rger &#8211; von Willy Rave<br \/>\nNeues Fahrzeug der FF B\u00f6rger &#8211; EZ Bericht<br \/>\nWir sind ein Volk Gottes, das sich hilft &#8211; Kirchenbotenbericht J\u00fcrgen Eden<br \/>\nB\u00f6rgers Grundsch\u00fcler helfen Stra\u00dfenkindern in Haiti &#8211; EZ Bericht Willy Rave<br \/>\nVolkstrauertag 2012 &#8211; von UB<br \/>\nRadwege f\u00fcr das n\u00f6rdliche Emsland &#8211; EZ Bericht<br \/>\nSchleppjagd in B\u00f6rger &#8211; von Hubert Westerhoff<br \/>\nB\u00f6rger total verkabelt &#8211; von Bernd Gebkenjans<br \/>\n25 Jahre Heimatverein B\u00f6rger &#8211; von UB<br \/>\nDie Verantwortlichen des Heimatverein B\u00f6rger &#8211; eine Auflistung<br \/>\nKLJB B\u00f6rger nimmt an 72-Stunden-Aktion teil &#8211; EZ Bericht<br \/>\nG\u00e4stehaus soll bleiben &#8211; EZ Bericht<br \/>\nJahresempfang im Heimathaus &#8211; von Luise Ubbenjans<br \/>\nEhrungen beim Sch\u00fctzenverein B\u00f6rger &#8211; EZ Bericht<br \/>\nKarneval 2013 &#8211; von Hubert Westerhoff<br \/>\nNeuer Imkerverein in B\u00f6rger &#8211; EZ Bericht Willy Rave<br \/>\nRuF hat neue Vorsitzende &#8211; EZ Bericht<br \/>\nFrischer Wind in der Theatergruppe B\u00f6rger &#8211; von Jan Bernd M\u00fcller<br \/>\nGro\u00dfer Preis von B\u00f6rger &#8211; von UB<br \/>\nPfarreiengemeinschaft Barbara besiegelt Vertrag &#8211; von Willy Rave<br \/>\nF\u00fchrungswechsel bei der Jungen Union &#8211; von Robert Kla\u00dfen<br \/>\nErstkommunionkinder St. Jodocus B\u00f6rger<br \/>\nKonfirmation bei der Markusgemeinde S\u00f6gel\/B\u00f6rger<br \/>\nFirmung in B\u00f6rger 2013<br \/>\nGeorg Kla\u00dfen f\u00fcr Treue im Kolping geehrt &#8211; von Willy Rave<br \/>\nMitgleiderversammlung des Heimatverein B\u00f6rger &#8211; von UB<br \/>\nUnser Heimatfreund Willy Rave ist gestorben &#8211; von UB<br \/>\nIn B\u00f6rger spielen die M\u00fctter Theater &#8211; EZ Bericht<br \/>\nGeschichts und Familienforschung &#8211; von UB<br \/>\nEindr\u00fccke von einem Besuch in B\u00f6rger &#8211; von Prof. Dr. Gregory T. Adams USA<br \/>\nEhrungen beim VDK Ortsverband B\u00f6rger EZ Bericht<br \/>\nFSH B\u00f6rger besucht Isl\u00e4nder Hof in Rastdorf &#8211; Bericht FSH Frau Harden<br \/>\nHochwassereinsatz in Magdeeburg &#8211; von Hermann Ubbenjans<br \/>\nKirche im Gr\u00fcnen, 72-Std-Aktion der KLJB &#8211; von Jan Bernd M\u00fcller<br \/>\nGHS B\u00f6rger mit Zertifikat &#8211; von Christian Schr\u00f6er<br \/>\nWetter im Jahr 2013 &#8211; von Bernd Gebkenjans<br \/>\nJunge Mathe-Ass aus B\u00f6rger pr\u00e4miert &#8211; EZ Bericht<br \/>\nDer wilde Westen f\u00e4ngt gleich hinter B\u00f6rger an &#8211; EZ Bericht<br \/>\nBesuch im Naturkundehaus &#8211; von Hubert Westerhoff<br \/>\nSch\u00fctzenfest in B\u00f6rger &#8211; von UB<br \/>\nBlutspender geehrt &#8211; EZ Bericht<br \/>\nAusflug in die Schifferstadt Haren &#8211; von UB<br \/>\nKlasse 1A Grundschule B\u00f6rger &#8211; Foto GuH B\u00f6rger Schr\u00f6er<br \/>\nKlasse 1B Grundschule B\u00f6rger &#8211; Foto GuH B\u00f6rger Schr\u00f6er<br \/>\nZirkus Montani in B\u00f6rger &#8211; Bericht GuH B\u00f6rger Schr\u00f6er<br \/>\nManfred Klaas verstorben &#8211; von UB<br \/>\nGedanken zum Tode von Manfred Klaas &#8211; von Pfarrer Karl Heinz Santel<br \/>\nSchaufenster der Wirtschaft<br \/>\nHervorragende sportliche Leistungen<br \/>\nGeburtstagsjubil\u00e4en unserer Vereinsmitglieder<br \/>\nGeehrte der Gemeinde<br \/>\nStandesamtliche Trauungen<br \/>\nNachrichten der Kirchengemeinde<br \/>\nBuchbestellungen<\/p>\n<p><strong>Use Borger 2014 <\/strong><br \/>\nVorwort &#8211; von Bernd Gebkenjans<\/p>\n<p>Teil I \u2013 Hauptteil<br \/>\nBild des Malers Arvidas Zdanavicus, Litauen<br \/>\nVorwort \u2013 von Bernd Gebkenjans<br \/>\nSpurensuche \u2013 von Bernd Gebkenjans<br \/>\nPostkarte aus den 1960er Jahren<br \/>\nDer 30j\u00e4hrige Krieg des 20. Jahrhunderts \u2013 von UB<br \/>\nTotenehrung \u2013 Gedicht Anaker (Sch\u00f6nschreibkladde Thekla Jaspers)<br \/>\nEine wahre Begebenheit und die Folgen \u2013 von Hans Geers<br \/>\nRarit\u00e4ten, Postkarte aus B\u00f6rger von 1898 \u2013 Hermann Schmitz<br \/>\nHochzeitsbild Familie Hunfeld\/S\u00e4wes Nordkamp \u2013 von Hans Geers<br \/>\nNeubau eines Mehrzweckgeb\u00e4udes \u2013 von UB<br \/>\nSchafstall n\u00e4he B\u00f6rger &#8211; Gem\u00e4lde von Heinz Kramer-Hinte<br \/>\nHeimat \u2013 Gedicht von Wolfgang Federau<\/p>\n<p>Teil II \u2013 Aktueller Teil<br \/>\nKirmes und Erntedank in B\u00f6rger \u2013 Foto: UB<br \/>\nAusstellung Haushaltsger\u00e4te in Meppen<br \/>\nVolkstanzgruppe ist seit 25 Jahren aktiv \u2013 von UB<br \/>\nVolkstrauertag 2014 \u2013 von UB<br \/>\nNistk\u00e4sten bauen bei den Caritas-Werkst\u00e4tten<br \/>\nUse Borger 2013 \u2013 von UB<br \/>\nMarkengemeinde 2014 \u2013 St. Josefstift \u2013Anbau fertig<br \/>\nSankt Josef Stift Anbau ist fertig<br \/>\nEhrenmitglied des Heimatverein B\u00f6rger \u2013 von UB<br \/>\nExkursion der FSH \u2013 von UB<br \/>\nTheater in B\u00f6rger \u2013 von Jan Bernd M\u00fcller<br \/>\nMilder Winter \u2013 von Bernd Gebkenjans<br \/>\nVereinsvorstand erweitert \u2013 von UB<br \/>\nKarneval der Kolpingfamilie \u2013 von Hubert Westerhoff<br \/>\nChristian Schr\u00f6er ist Rektor der GHS B\u00f6rger<br \/>\nBericht Kolpingfamilie B\u00f6rger \u2013 von Anna Kr\u00f6ger<br \/>\n200 Jahre Adolph Kolping \u2013 von Hans Geers<br \/>\nKlassentreffen nach 70 Jahren \u2013 von Hans Geers<br \/>\nWaldohreulen in der Sch\u00fctzenstra\u00dfe \u2013 von Hubert Westerhoff<br \/>\nPlattproater-Cafe ein voller Erfolg von UB<br \/>\nGedanken zum Tod von Pastor Tebben \u2013 von Pastor Santel<br \/>\n50-j\u00e4hriges Jubil\u00e4um des KFD B\u00f6rger \u2013 von Hans Geers<br \/>\nErstkommunionkinder, Konfirmation und Firmung<br \/>\nPrivate Realschule \u2013 EZ Bericht<br \/>\nSch\u00f6ner Sommer 2014 \u2013 EZ Juliane Horn<br \/>\nSommerfest beim Kindergarten \u2013 von Margret Pohlgeers<br \/>\nThea Weber ist in Ruhestand \u2013 aus S\u00f6gel u. Umgebung<br \/>\nSch\u00fctzenfest in B\u00f6rger 2014<br \/>\nEinschulung 2014 \u2013 GHS B\u00f6rger Brigitte Wigbers<br \/>\nUnterst\u00fctzung auf der Wanderschaft \u2013 von UB<br \/>\nKonzert zum 90j\u00e4hrigen Bestehen der H\u00fcmmlinger Musikanten<br \/>\nVerdiente P\u00e4dagogen verabschiedet &#8211; GHS B\u00f6rger<br \/>\nFeuerwehr stellt sich vor \u2013 aus S\u00f6gel und Umgebung<br \/>\nGefahrenpunkt beseitigt \u2013 von UB<br \/>\nBunt und bliede \u2013 Text GHS B\u00f6rger<br \/>\nFerienlager St. Jodocus B\u00f6rger in L\u00fcnne \u2013 aus S\u00f6gel u. Umgebung<br \/>\nWahlhelfer geehrt \u2013 aus S\u00f6gel u. Umgebung<br \/>\nBesuch beim Museumsdorf Cloppenburg<br \/>\nEin politisch turbulentes Jahr \u2013 EZ Berichte<br \/>\nSchaufenster der Wirtschaft<br \/>\nHervorragende sportliche Leistungen<br \/>\nGeburtstagsjubil\u00e4en unserer Vereinsmitglieder<br \/>\nGeehrte der Gemeinde<br \/>\nTaufen, Trauungen, Sterbenachrichten aus der Gemeinde<br \/>\nNachbestellungen<\/p>\n<p><strong>Use Borger 2015 <\/strong><br \/>\nVorwort &#8211; von Bernd Gebkenjans<\/p>\n<p>Teil I \u2013 Hauptteil<br \/>\nLuftbild von B\u00f6rger &#8211; Dr. Andreas Sch\u00fcring<br \/>\nPostkarte &#8211; Gru\u00df aus B\u00f6rger<br \/>\nHochmut kommt vor dem Fall &#8211; von Hermann Ubbenjans<br \/>\nBene Papen lag Ostern 1917 tageland unter Trommelfeuer &#8211; von Maria R\u00f6ttgers<br \/>\nDas Kreuz wird daf\u00fcr sorgen das ich gut nach Hause komme &#8211; von Josef Connemann<br \/>\nFoto von L\u00fcbbers Br\u00fccke 1950er Jahre &#8211; Von H. Eilerman, Lorup<br \/>\nH\u00fcmmlinger Platt 1920 &#8211; von Pastor Bernd K\u00f6ster, Lahn<br \/>\nWinds Braut und Leidenschaft &#8211; von Nikolaus Rolfes<br \/>\nZuwanderung nach B\u00f6rger &#8211; von Bernd Gebkenjans<br \/>\nUbben Schafstall 1965 &#8211; Foto H. Tecklenburg, Meppen<br \/>\nSpiele im Freien &#8211; von Hans Geers und Reinhard Rolfes<br \/>\nSchwalben willkommen &#8211; von Jutta Over, Meppen u. Bernd Gebkenjans<br \/>\nArbeiten an der Zehntscheune 2015 &#8211; von Hermann Ubbenjans<br \/>\nBild Messdienerausflug 1950 &#8211; Foto Kaplan Clemens Vehmeyer<br \/>\nBild Kolpingsausflug 1958 ins Sauerland &#8211; Busunternehmen Frericks<br \/>\nBild Hochzeit Sch\u00fctten\/Tailen &#8211; Hochzeitsbild 1951<\/p>\n<p>Teil II \u2013 Aktueller Teil<br \/>\nBekanntmachungen &#8211; B\u00f6rger im R\u00fcckblikc<br \/>\nKirmes 2014 mit den Hofbeats &#8211; EZ von Anna Kr\u00f6ger<br \/>\nArbeitskreis Geschichte 25 Jahre aktiv &#8211; von Hermann Ubbenjans<br \/>\nDie Verantwortlichen f\u00fcr die Jahresschriften und der Chronik &#8211; von UB<br \/>\nIm Verein, im Vorstand &#8211; von Johannes Hoffmann<br \/>\nErl\u00f6s aus Autogrammstunde f\u00fcr S\u00fcdafrika &#8211; Fu\u00dfballzeitschrift<br \/>\nVera Ubbenjans gewinnt Uni-Fachpreis &#8211; EZ Bericht<br \/>\nDer Anfang eines bl\u00fchenden Gemeinwesens &#8211; von Conny Federhofer<br \/>\nF\u00fchrungswechsel beim SV Eintracht B\u00f6rger &#8211; EZ Bericht<br \/>\nEngel sein f\u00fcr Menschen die Hilfe brauchen &#8211; von Brigitte Wigbers<br \/>\nKLJB B\u00f6rger und Caritasverband beschenken Familien &#8211; von Hub. Westerhoff<br \/>\nHohe Wahlbeteiligung im Emsland bei Kirchenwahlen &#8211; aus St. Barbaraboten<br \/>\nNeue Dekanatsjugendreferentin &#8211; EZ Bericht<br \/>\nVorstellung Use Borger 2014 &#8211; von Hermann Ubbenjans<br \/>\nVereinslieder der SV Eintracht &#8211; von Hans Geers<br \/>\nZum Tod von Pater Walter G\u00f6dt &#8211; von Pastor Karl Heinz Santel<br \/>\nNeuer Kreis-Imkerverband im Nordkreis gegr\u00fcndet &#8211; EZ Bericht<br \/>\nBericht \u00fcber den Kolpingkarneval 2015 &#8211; von Hubert Westerhoff<br \/>\nTheatergruppe B\u00f6rger jetzt e. V. &#8211; von Jan Bernd M\u00fcller<br \/>\nSchwere Eins\u00e4tze der Feuerwehr &#8211; von Hermann Ubbenjans<br \/>\nLathener Schulkreuz dient schon 30 Jahre in B\u00f6rger &#8211; EZ Bericht<br \/>\nPapageno in der Turnhalle in B\u00f6rger &#8211; von Hubert Westerhoff<br \/>\nDer Uhu ist auf dem H\u00fcmmling wieder heimisch &#8211; von Hermann Ubbenjans<br \/>\nEhrung auf der Mitgliederversammlung &#8211; EZ von Hermann Josef D\u00f6bber<br \/>\nGro\u00dfer Preis von B\u00f6rger &#8211; von Hermann Ubbenjans<br \/>\n25 Jahre J\u00e4gergruppe von Hubert Westerhoff<br \/>\nJagdhornbl\u00e4ser &#8211; von Hermann Ubbenjans<br \/>\nNeue Verwaltungsfachkraft im Gemeindeb\u00fcro &#8211; von Hermann Ubbenjans<br \/>\nAbschied in einen ewigen Sommerurlaub &#8211; GHS Bericht Christian Schr\u00f6er<br \/>\n80 Jugendliche in der Parrgemeinschaft gefirmt EZ Bericht Foto Chr. Kelting<br \/>\nHauptsch\u00fcler aus B\u00f6rger in Berlin &#8211; Bericht GHS B\u00f6rger Christian Schr\u00f6er<br \/>\nErstkommunion in B\u00f6rger &#8211; Bild der Kommuniongruppe B\u00f6rger<br \/>\nEin Kleinod am M\u00fchlenhof &#8211; von Hermann Ubbenjans<br \/>\nWeidenkirche am H\u00fcmmlinger Pilgerweg &#8211; von Hubert Westerhoff<br \/>\nSch\u00fctzenfest 2015 &#8211; vom Sch\u00fctzenverein B\u00f6rger (Homepage)<br \/>\nBetreffend Sch\u00fctzenfest oder Vogelschie\u00dfen &#8211; von Hermann Ubbenjans<br \/>\nGr\u00fcnspecht im Garten &#8211; von Bernd Gebkenjans<br \/>\nSch\u00f6n w\u00e4re es gewesen &#8211; Bericht EZ \u00fcber die SG B\u00f6rger<br \/>\nEine \u00c4ra geht zu Ende &#8211; Hauptschule B\u00f6rger schlie\u00dft &#8211; von Hermann Ubbenjans<br \/>\n\u00dc60 Gruppe aktiv &#8211; von Christoph Klassen<br \/>\nFerienpa\u00dfaktion 2015 &#8211; von Hermann Ubbenjans<br \/>\n100ste Blutspende &#8211; von Hermann Schmitz<br \/>\nSommergewitter &#8211; von Bernd Schmitz<br \/>\nEinschulung &#8211; von Christian Schr\u00f6er<br \/>\nFerienlager B\u00f6rger abgebrochen &#8211; von Jan Bernd M\u00fcller<br \/>\nFerienlagergruppe ehrte K\u00f6chinnen zum 25. Jubil\u00e4um &#8211; EZ Bericht<br \/>\nJohanna L\u00fcbbers ist amtierende Kornk\u00f6nigin &#8211; von Hermann Ubbenjans<br \/>\nBesuch aus dem Weiten des Westens &#8211; von Hermann Ubbenjans<br \/>\nAusfl\u00fcge des Heimatverein B\u00f6rger &#8211; von Hermann Ubbenjans<br \/>\nHeimatverein B\u00f6rger gewinnt 50 neue Mitglieder &#8211; von H. J. D\u00f6bber<br \/>\nSchaufenster der Wirtschaft &#8211; EZ Berichte und Hermann Ubbenjans<br \/>\nHervorragende sportliche Leistungen &#8211; EZ Berichte und Infoblatt SG-S\u00f6gel<br \/>\nGeburtstagsjubil\u00e4en unserer Vereinsmitglieder &#8211; von Hermann Ubbenjans<br \/>\nKann, mutt, l\u00f6pp &#8211; Plattd\u00fcsk is moi &#8211; Plattd\u00fcsket Joahr 2016 &#8211; Emsl. HB<br \/>\nGeehrte der Gemeinde &#8211; Hubert Jansen Gemeindeverwaltung<br \/>\nStandesamtliche Trauungen &#8211; SG Verwaltung Standesamt<br \/>\nNachrichten der Kirchengemeinde &#8211; Markusgemeinde u. St. Jodokus B\u00f6rger<br \/>\nNotizen &#8211; <\/p>\n<p><strong>Use Borger 2016<\/strong><br \/>\nVorwort &#8211; von Bernd Gebkenjans<\/p>\n<p>Teil I \u2013  Hauptteil<br \/>\nBild \u201eOhelandschaft mit Br\u00fccke\u201c \u2013 von Eilermann, Lorup<br \/>\nDer fast vergessene K\u00f6neg Surboard \u2013 von Hermann Ubbenjans<br \/>\nMythos \u201eK\u00f6nig Surwold\u201c \u2013 Eine Spurensuche \u2013 von Andre Thien<br \/>\nSpuren politischer und administrativer Zugeh\u00f6rigkeit B\u00f6rgers &#8211; von Bernd Gebkenjans<br \/>\nSie wollten ihr \u201eHeimatdorf\u201c vor Kampfhandlungen bewahren &#8211; von Hermann Ubbenjans<br \/>\nMartha John \u2013 \u201eB\u00fcrgermeisterin\u201c in B\u00f6rger &#8211; von Reinhard Rolfes<br \/>\nPlatt ist Kaspar Kronabels Muttersprache \u2013 von Anna Kr\u00f6ger<br \/>\nMiene Kinnertied \u2013 von Kaspar Kronabel<br \/>\nZuwanderung nach B\u00f6rger, Nachtrag \u2013 von Bernd Gebkenjans<br \/>\nHochzeit Sievers-Joakubs 1949 \u2013 Archiv Hans Geers<br \/>\nHochzeit Pl\u00fcster-Pl\u00fcstejans 1939 \u2013 Archiv Hans Geers<br \/>\nH\u00fcmmelske Aoart &#8211; Gedicht von J. H.<br \/>\n<div id=\"attachment_6409\" style=\"width: 214px\" class=\"wp-caption alignright\"><a href=\"http:\/\/heimatverein.he-webpack.de\/wp-content\/uploads\/2016\/11\/Rolfes-Reinhard-stellt-vor.jpg\" rel=\"attachment wp-att-6409\" rel=\"lightbox[6309]\"><img loading=\"lazy\" decoding=\"async\" aria-describedby=\"caption-attachment-6409\" src=\"http:\/\/heimatverein.he-webpack.de\/wp-content\/uploads\/2016\/11\/Rolfes-Reinhard-stellt-vor-204x300.jpg\" alt=\"Heimatfreund Reinh. Rolfes \" width=\"204\" height=\"300\" class=\"size-medium wp-image-6409\" srcset=\"https:\/\/heimatverein.he-webpack.de\/wp-content\/uploads\/2016\/11\/Rolfes-Reinhard-stellt-vor-204x300.jpg 204w, https:\/\/heimatverein.he-webpack.de\/wp-content\/uploads\/2016\/11\/Rolfes-Reinhard-stellt-vor-768x1128.jpg 768w, https:\/\/heimatverein.he-webpack.de\/wp-content\/uploads\/2016\/11\/Rolfes-Reinhard-stellt-vor-697x1024.jpg 697w, https:\/\/heimatverein.he-webpack.de\/wp-content\/uploads\/2016\/11\/Rolfes-Reinhard-stellt-vor-102x150.jpg 102w, https:\/\/heimatverein.he-webpack.de\/wp-content\/uploads\/2016\/11\/Rolfes-Reinhard-stellt-vor-400x588.jpg 400w, https:\/\/heimatverein.he-webpack.de\/wp-content\/uploads\/2016\/11\/Rolfes-Reinhard-stellt-vor.jpg 800w\" sizes=\"auto, (max-width: 204px) 100vw, 204px\" \/><\/a><p id=\"caption-attachment-6409\" class=\"wp-caption-text\">Heimatfreund Reinh. Rolfes<\/p><\/div><br \/>\nTeil II \u2013 Aktueller Teil<br \/>\nBekanntmachungen<br \/>\nUse Borger 1991 im Dezember vorgestellt \u2013 EZ Bericht<br \/>\nCountry Open-Air-Fete, Kirmes und Erntedank<br \/>\n20 Jahre Aerobic-Gruppe in B\u00f6rger<br \/>\nWenn K\u00fcrbisse zu Fratzen werden \u2013 von Bernd Gebkenjans<br \/>\n25. Jahresschrift erschienen \u2013 von Herm. Josef D\u00f6bber<br \/>\nViele Unterst\u00fctzer aus unserer Region f\u00fcr das Heimatprojekt<br \/>\n2.400 Euro f\u00fcr Bed\u00fcrftige und Fl\u00fcchtlinge \u2013 von Kleene EZ<br \/>\nNeujahrsempfang 2016 \u2013 von Hermann Ubbenjans<br \/>\nWindpark B\u00f6rger Ohe 1 \u2013 von Bernd Gebkenjans<br \/>\nSchwalbenfreunde, zwei Texte \u2013 von Bernd Gebkenjans<br \/>\nFl\u00fcchtlingsbetreuung in guten H\u00e4nden \u2013 SG Bericht<br \/>\nAlles blo\u00df Theoter \u2013 EZ Bericht<br \/>\nKarneval in B\u00f6rger \u2013 von Hubert Westerhoff<br \/>\n30. Mitgliederversammlung des Heimatverein B\u00f6rger \u2013 von UB<br \/>\nFoto: Zehntscheune an den Teichen von Hermann Ubbenjans<br \/>\nOsterfeuer 2016 \u2013 von Hermann Ubbenjans<br \/>\nCliquenturnier im Juli \u2013 von Hermann Ubbenjans<br \/>\nLitfa\u00dfs\u00e4ule k\u00fcnstlerisch gestaltet \u2013 von Hermann Ubbenjans<br \/>\nB\u00f6rgeraner bei \u201eRock am Ring\u201c verletzt \u2013 EZ Bericht Tepper<br \/>\nFreundschaftsbaum und \u201eDanke Marsch \u2013 von Hermann Ubbenjans<br \/>\nNeuer Leiter der Feuerwehr B\u00f6rger \u2013 EZ Bericht<br \/>\nDie Natur holt sich Weger\u00e4nder zur\u00fcck \u2013 von Bernd Gebkenjans<br \/>\nDoppeltes Jubil\u00e4um \u201eSpeelhus und Sterntaler\u201c \u2013 EZ Bericht<br \/>\nOrkansturm im Juni 2016 \u2013 von Hermann Ubbenjans<br \/>\nUmstrukturierung im Kuratorium der FSH \u2013 EZ Bericht<br \/>\nSch\u00fctzenfest 2016 \u2013 vom der Sch\u00fctzenvereinshomepage<br \/>\nSch\u00fctzenmarschfoto B\u00f6rger 1949 \u2013 aus Sammlung Hans Geers<br \/>\nChange \u2013 Bericht aus einer Indischen Zeitschrift \u2013 Pater Vijay<br \/>\nF\u00fcnfzig Jahre Tischtennis in B\u00f6rger \u2013 von Bernd Gebkenjans<br \/>\nEinschulung in B\u00f6rger \u2013 Foto Grundschule Christian Schr\u00f6er<br \/>\nErstkommunion Jodokuskirche \u2013 von Maria Wingberm\u00fchlen<br \/>\nLeoeiche in B\u00f6rger auf der Sandh\u00f6he \u2013 von Anneliese Albers<br \/>\nKornerlebnistour in B\u00f6rger \u2013 von Hermann Ubbenjans<br \/>\nKinderbusse f\u00fcr Kita \u201eSpeelhus\u201c in B\u00f6rger \u2013 EZ Bericht<br \/>\nBesuch aus Indien im Heimathaus \u2013 von Hermann Ubbenjans<br \/>\nAusflug des Heimatvereines \u2013 von Hermann Ubbenjans<br \/>\nKommunalwahl 2016 \u2013 Ergebnis Gemeinderatswahl<br \/>\nB\u00f6rgeraner ebnen Weg f\u00fcr Breitbandversorgung \u2013 EZ Bericht<br \/>\nKlassentreffen nach 55 Jahren \u2013 von Bernd Gebkenjans<br \/>\nEhrenbrandmeister in B\u00f6rger \u2013 von Hermann Ubbenjans<br \/>\nKreisheimattag in Hilkenbook \u2013 von Hermann Ubbenjans<br \/>\nHervorragende sportliche Leistungen<br \/>\nGeburtstagsjubil\u00e4en der Vereinsmitglieder<br \/>\nGeehrte der Gemeinde \/ aus den Kirchengemeinden<br \/>\nAufruf des Heimatverein an Leser \/ Notizen \/ Nachbestellungen<\/p>\n<p><strong>Use Borger 2017<\/strong><br \/>\nVorwort &#8211; von Bernd Gebkenjans<\/p>\n<p>Teil I \u2013  Hauptteil<br \/>\nKohlezeichnung Ostertschmiede \u2013 von Hermann Pr\u00fcssmann<br \/>\nLebenserinnerungen \u2013 von Kaspar Kronabel<br \/>\nNachtrag zu Lebenserinnerungen \u2013 von Hans Geers<br \/>\nSchmitt-Mennes Funzel \u2013 von Kaspar Kronabel<br \/>\nHeute noch bin ich ein freudiger Christ \u2013 von Berti W\u00f6rdemann<br \/>\nSchafst\u00e4lle in der B\u00f6rger Heidelandschaft \u2013 von Hermann Reichling<br \/>\nKinderarbeit 1945-47 \u2013 von Reinhard Rolfes<br \/>\nReste des B\u00f6rger Waldes am Osterweg \u2013 von Hermann Reichling<br \/>\nUnser erstes halbes Jahrhundert \u2013 von Bernd Gebkenjans<br \/>\nBeitr\u00e4ge zur Geschichte II Steingrab und H\u00fcgelgr\u00e4berkultur \u2013 Herm. Ubbenjans<br \/>\nAm H\u00fcnengrab \u2013 Gedicht aus der Beilage zur EZ 1928<br \/>\nOsterweg, Reste des B\u00f6rgerwaldes \u2013 Dr. Hermann Reichling<br \/>\nBeitr\u00e4ge zur Geschichte III Aus dem Archiv f\u00fcr Geschichte und<br \/>\nAltertumskunde \u2013 von Heinrich B\u00f6diker 1827<br \/>\nTotenhus am Fehmeberg in B\u00f6rger \u2013 Dr. Hermann Reichling<br \/>\nD\u00e4i bes\u00fcnnere Verkoop \u2013 von Thekla Brinker<br \/>\nDoppelhochzeit Familie Kuckshinrichs-B\u00fcter \u2013 Hans Geers,  Herm. Ubbenjans<br \/>\nHochzeit bei der Familie M\u00fcller-Kossen \u2013 Hans Geers, Herm. Ubbenjans<\/p>\n<p>Teil II \u2013 Aktueller Teil<br \/>\nBekanntmachungen<br \/>\nEhrungen zu Kirmes 2016 \u2013 von Hermann Josef D\u00f6bber<br \/>\nSchnee im Herbst \u2013 von Bernd Gebkenjans<br \/>\nGrundsch\u00fcler spenden f\u00fcr Kinder in Sri Lanka \u2013 EZ Bericht<br \/>\nUse Borger 2016 vor dem 1. Advent vorgestellt<br \/>\nWeihnachtsmarkt Caritaswerkst\u00e4tten in B\u00f6rger \u2013 EZ Bericht<br \/>\nVorstand der KLJB B\u00f6rger erweitert \u2013 von Herm. Josef D\u00f6bber<br \/>\nEhrung verdienter Ratsmitglieder \u2013 von Hubert Jansen<br \/>\nErfolgreichen Hallenreitturnier in B\u00f6rger<br \/>\nJahresempfang des Heimatvereins B\u00f6rger \u2013 von Herm. Ubbenjans<br \/>\nNeue gro\u00dfe Sporthalle am Schulzentrum in B\u00f6rger<br \/>\n\u00dcbung der Rettungshundestaffel Lingen in B\u00f6rger \u2013 EZ Bericht<br \/>\nDrei tolle Tage in B\u00f6rger \u2013 von Hubert Westerhoff<br \/>\nMitgliederversammlung des Heimatverein \u2013 von H. Ubbenjans<br \/>\n25j\u00e4hriges Bestehen des Kirchenchores St. Jodocus B\u00f6rger<br \/>\nKunnigunde draf nich starven \u2013 von Jan-Bernd M\u00fcller<br \/>\nKommunionkinder und Firmlinge in  B\u00f6rger \u2013 Kirchengemeinde<br \/>\nDichterlesung im Heimathaus \u2013 von Hermann Ubbenjans<br \/>\nSiebter gro\u00dfe Preis von B\u00f6rger \u2013 von Hermann Ubbenjans<br \/>\nNatursch\u00fctzer Dr. Hermann Reichling (1890 \u2013 1948)<br \/>\nNeue Messdiener \u2013 von Bernd Gebkenjans<br \/>\nFleer Vorsitzender der H\u00fcmmlinger Musikanten \u2013 EZ Bericht<br \/>\nEinschulung Ostern 1949 \u2013 von Hans Geers<br \/>\nEinschulung Ostern 1965 \u2013 von Hermann Ubbenjans<br \/>\nEinschulung Ostern 1966 \u2013 von Hedwig Langen<br \/>\nEulengeschichten \u2013 von Bernd Gebkenjans<br \/>\nEintracht B\u00f6rger spielt nun auf drei Pl\u00e4tzen \u2013 EZ Bericht<br \/>\nM\u00fcll sammeln in der Feldmark \u2013 EZ Bericht<br \/>\nErster Abschlussjahrgang verl\u00e4sst die H\u00fcmmling FSH \u2013 von Ansgar Kossen<br \/>\nKath. Ferienlager St. Jodocus 2017 in Calhorn \u2013 Jan-Bernd M\u00fcller<br \/>\nWalkem\u00fcllerhaus (Heimathaus) in B\u00f6rger \u2013 Foto Hermann Ubbenjans<br \/>\nFerienpa\u00dfaktion 2017 \u2013 von Hermann Ubbenjans<br \/>\nKunst der Bienenhaltung erlernt \u2013 EZ Bericht<br \/>\nTagpfauenauge und Admiral \u2013 von Bernd Gebkenjans<br \/>\nSch\u00fctzenfest in B\u00f6rger \u2013 von Hermann Ubbenjans<br \/>\nEinschulung in B\u00f6rger \u2013 von Christian Schr\u00f6er<br \/>\nNeue Friedhofskapelle f\u00fcr B\u00f6rger \u2013 von Pastor Karl Heinz Santel<br \/>\nJ\u00e4ger lesen in der Grundschule vor \u2013 von Christian Schr\u00f6er<br \/>\nAutorin Andrea Erne zu Besuch in B\u00f6rger \u2013 von Christian Schr\u00f6er<br \/>\nKennenlerntag am Sternenhof in Rastdorf \u2013 von Barbara Harden<br \/>\nFahrzeugbestand der FF B\u00f6rger modernisiert \u2013 von Hermann Ubbenjans<br \/>\nMit Rad up\u00b4n Patt in St. Barbara \u2013 von Elke Grote<br \/>\nFamilienfest der Pfarrgemeinde St. Jodocus \u2013 von Hermann Ubbenjans<br \/>\nZur\u00fcck in die renovierte Schule \u2013 von Hubert Westerhoff<br \/>\n1000 Euro f\u00fcr Fl\u00fcchtlingshilfe in B\u00f6rger \u2013 von Knillmann, Caritas<br \/>\nOldtimerausstellung am M\u00fchlenberg in B\u00f6rger \u2013 Hermann Ubbenjans<br \/>\nSchaufenster der Wirtschaft<br \/>\nHervorragende sportliche Leistungen<br \/>\nGeburtstagsjubil\u00e4en unserer Vereinsmitglieder<br \/>\nGeehrte der Gemeinde<br \/>\nStandesamtliche Trauungen<br \/>\nNachrichten der Kirchengemeinden<br \/>\nBestellschein \/ Notizen<\/p>\n","protected":false},"excerpt":{"rendered":"<p>Use Borger 2009 Vorwort &#8211; von Hermann Ubbenjans<\/p>\n<p><p id=\"caption-attachment-5376\" class=\"wp-caption-text\">Ehrung des AK Geschichte durch die Gemeinde B\u00f6rger,Kirmes 2015 &#8211; von li: Westerhoff, Kronabel, Becker, Ubbenjans, Behnen, Geers, Gebkenjans, Schmees, Albers, Geers, Plaggenborg Wintering und Schmitz durch die Gemeindevertreter Fleer und Kla\u00dfen<\/p>\n<p> Teil I &#8211; Hauptteil KLJB B\u00f6rger &#8211; von Jan Bernd M\u00fcller Aufnahme vor [&#8230;]<\/p>\n","protected":false},"author":2,"featured_media":0,"parent":0,"menu_order":0,"comment_status":"closed","ping_status":"closed","template":"","meta":{"ngg_post_thumbnail":0,"footnotes":""},"class_list":["post-6309","page","type-page","status-publish","hentry","odd"],"_links":{"self":[{"href":"https:\/\/heimatverein.he-webpack.de\/index.php?rest_route=\/wp\/v2\/pages\/6309","targetHints":{"allow":["GET"]}}],"collection":[{"href":"https:\/\/heimatverein.he-webpack.de\/index.php?rest_route=\/wp\/v2\/pages"}],"about":[{"href":"https:\/\/heimatverein.he-webpack.de\/index.php?rest_route=\/wp\/v2\/types\/page"}],"author":[{"embeddable":true,"href":"https:\/\/heimatverein.he-webpack.de\/index.php?rest_route=\/wp\/v2\/users\/2"}],"replies":[{"embeddable":true,"href":"https:\/\/heimatverein.he-webpack.de\/index.php?rest_route=%2Fwp%2Fv2%2Fcomments&post=6309"}],"version-history":[{"count":18,"href":"https:\/\/heimatverein.he-webpack.de\/index.php?rest_route=\/wp\/v2\/pages\/6309\/revisions"}],"predecessor-version":[{"id":6329,"href":"https:\/\/heimatverein.he-webpack.de\/index.php?rest_route=\/wp\/v2\/pages\/6309\/revisions\/6329"}],"wp:attachment":[{"href":"https:\/\/heimatverein.he-webpack.de\/index.php?rest_route=%2Fwp%2Fv2%2Fmedia&parent=6309"}],"curies":[{"name":"wp","href":"https:\/\/api.w.org\/{rel}","templated":true}]}}