{"id":3523,"date":"2014-04-04T21:43:00","date_gmt":"2014-04-04T19:43:00","guid":{"rendered":"http:\/\/heimatverein.he-webpack.de\/?page_id=3523"},"modified":"2024-09-14T08:38:07","modified_gmt":"2024-09-14T06:38:07","slug":"gemeinde-borger","status":"publish","type":"page","link":"https:\/\/heimatverein.he-webpack.de\/?page_id=3523","title":{"rendered":"Gemeinde B\u00f6rger"},"content":{"rendered":"<div id=\"attachment_1910\" style=\"width: 224px\" class=\"wp-caption alignright\"><a href=\"http:\/\/heimatverein.he-webpack.de\/wp-content\/uploads\/2009\/03\/Schild-S\u00f6gelers-HH1.jpg\"><img loading=\"lazy\" decoding=\"async\" aria-describedby=\"caption-attachment-1910\" src=\"http:\/\/heimatverein.he-webpack.de\/wp-content\/uploads\/2009\/03\/Schild-S\u00f6gelers-HH1-214x300.jpg\" alt=\"Dorfansicht 2004 B\u00f6rger\" title=\"Kirche u. Heimathaus-Bild\" width=\"214\" height=\"300\" class=\"size-medium wp-image-1910\" srcset=\"https:\/\/heimatverein.he-webpack.de\/wp-content\/uploads\/2009\/03\/Schild-S\u00f6gelers-HH1-214x300.jpg 214w, https:\/\/heimatverein.he-webpack.de\/wp-content\/uploads\/2009\/03\/Schild-S\u00f6gelers-HH1.jpg 693w\" sizes=\"auto, (max-width: 214px) 100vw, 214px\" \/><\/a><p id=\"caption-attachment-1910\" class=\"wp-caption-text\">Dorfansicht 2004 B\u00f6rger<\/p><\/div>\n<p>Die Gemeinde B\u00f6rger ist \u00fcber die Homepage www.boerger-huemmling(punkt)de<br \/>\nund www.gemeinde-boerger(punkt)de zu erreichen.<br \/>\nHier nun einige Daten der Seite:<\/p>\n<p><strong>Die Gemeindeverwaltung<\/strong> ist erreichbar unter der Tel.: 05953-323<br \/>\nund \u00fcber Fax: 05953-472, Bauhof der Gemeinde, M\u00fchlenberg, 05953-1451<br \/>\nund per Mail \u00fcber info@gemeinde-boerger.de<br \/>\nDie Postanschrift des Gemeindehauses: (neu) Alter Schulplatz 1, 26904 B\u00f6rger<br \/>\nAnsprechpartner: Gemeindedirektor Johannes M\u00fcller oder<br \/>\nHubert Jansen und Beatrix Schulte, Verwaltungsangestellte im Gemeindehaus<\/p>\n<p><strong>B\u00fcrgermeister<\/strong> ab 04. Nov. 2016: ist J\u00fcrgen Ermes, Wahner Weg 1, SPD,<br \/>\n<strong>Gemeindedirektor<\/strong> ab 04. Nov. 2016: Johannes M\u00fcller, Im T\u00f6ppen 15, SPD,<br \/>\n<strong>1. Stv. Bgm. u. Stv.GemDir.:<\/strong> ab 01. Nov. 2021: Ulrich W\u00f6ste, Marienweg 5, UWG,<br \/>\n<strong>2. Stv. Bgm.<\/strong> ab 31. Aug. 2020 ist Andreas Jansen, Edith-Stein-Ring 6, CDU.<\/p>\n<p>Mitglieder im Rat der Gemeinde B\u00f6rger, ab 01. Nov. 2021 sind:<br \/>\nRobert Becker, Edith-Stein-Ring 3, CDU<br \/>\nSwetlana Ertus, Kiefernweg 7, CDU<br \/>\nAndreas Jansen, Edith-Stein-Ring 6, CDU (auch im SG-Rat)<br \/>\nNorbert Kossenjans, Neub\u00f6rgerstra\u00dfe 26a, CDU<br \/>\nAndrea Steenken, Zum M\u00fchlenhof 3, CDU<br \/>\nHermann Ubbenjans, Bergstra\u00dfe 4, CDU, (auch im SG-Rat)<br \/>\nJ\u00fcrgen Ermes, Wahner Weg 1, SPD, (auch im SG-Rat)<br \/>\nMarietta Hanekamp, Gartenstra\u00dfe 6, SPD<br \/>\nJan Heinemann, Am Sportplatz 2, SPD<br \/>\nWilhelm Klaas, Neub\u00f6rger Stra\u00dfe 13, SPD,<br \/>\nJohannes M\u00fcller, Im T\u00f6ppen 15, SPD, (auch im SG-Rat)<br \/>\nHans-Hermann Rolfes, Hauptstra\u00dfe 5, SPD (auch im SG-Rat)<br \/>\nUlrich W\u00f6ste, Marienweg 5, UWG<\/p>\n<div id=\"attachment_9151\" style=\"width: 210px\" class=\"wp-caption alignright\"><a href=\"http:\/\/heimatverein.he-webpack.de\/wp-content\/uploads\/2019\/10\/Gemeindehaus1200.jpg\" rel=\"lightbox[3523]\"><img loading=\"lazy\" decoding=\"async\" aria-describedby=\"caption-attachment-9151\" src=\"http:\/\/heimatverein.he-webpack.de\/wp-content\/uploads\/2019\/10\/Gemeindehaus1200-200x150.jpg\" alt=\"\" width=\"200\" height=\"150\" class=\"size-thumbnail wp-image-9151\" \/><\/a><p id=\"caption-attachment-9151\" class=\"wp-caption-text\">Gemeindehaus B\u00f6rger<br \/>mit Sch\u00fctzenmarschgruppe 2019<\/p><\/div>\n<p><strong>Die Katholische Kirchengemeinde B\u00f6rger<\/strong> (Kirchenverbund St. Barbara)<br \/>\nPfarradministratorin Doris Brinker<br \/>\nerreichbar unter Tel.: 05953-245<br \/>\nPostanschrift ist: Kirchstra\u00dfe 2, 26904 B\u00f6rger. <\/p>\n<p><strong>Die evangelische Kirchengemeinde S\u00f6gel<\/strong><br \/>\nPastor Mathias Vo\u00df und das Pfarrb\u00fcro<br \/>\nist erreichbar unter: Tel.: 05952-1296<br \/>\nund der Anschrift: Loruper Weg 8, 49751 S\u00f6gel.<\/p>\n","protected":false},"excerpt":{"rendered":"<p id=\"caption-attachment-1910\" class=\"wp-caption-text\">Dorfansicht 2004 B\u00f6rger<\/p>\n<p>Die Gemeinde B\u00f6rger ist \u00fcber die Homepage www.boerger-huemmling(punkt)de und www.gemeinde-boerger(punkt)de zu erreichen. Hier nun einige Daten der Seite:<\/p>\n<p>Die Gemeindeverwaltung ist erreichbar unter der Tel.: 05953-323 und \u00fcber Fax: 05953-472, Bauhof der Gemeinde, M\u00fchlenberg, 05953-1451 und per Mail \u00fcber info@gemeinde-boerger.de Die Postanschrift des Gemeindehauses: (neu) Alter Schulplatz 1, 26904 B\u00f6rger [&#8230;]<\/p>\n","protected":false},"author":2,"featured_media":0,"parent":0,"menu_order":0,"comment_status":"closed","ping_status":"open","template":"","meta":{"ngg_post_thumbnail":0,"footnotes":""},"class_list":["post-3523","page","type-page","status-publish","hentry","odd"],"_links":{"self":[{"href":"https:\/\/heimatverein.he-webpack.de\/index.php?rest_route=\/wp\/v2\/pages\/3523","targetHints":{"allow":["GET"]}}],"collection":[{"href":"https:\/\/heimatverein.he-webpack.de\/index.php?rest_route=\/wp\/v2\/pages"}],"about":[{"href":"https:\/\/heimatverein.he-webpack.de\/index.php?rest_route=\/wp\/v2\/types\/page"}],"author":[{"embeddable":true,"href":"https:\/\/heimatverein.he-webpack.de\/index.php?rest_route=\/wp\/v2\/users\/2"}],"replies":[{"embeddable":true,"href":"https:\/\/heimatverein.he-webpack.de\/index.php?rest_route=%2Fwp%2Fv2%2Fcomments&post=3523"}],"version-history":[{"count":50,"href":"https:\/\/heimatverein.he-webpack.de\/index.php?rest_route=\/wp\/v2\/pages\/3523\/revisions"}],"predecessor-version":[{"id":12727,"href":"https:\/\/heimatverein.he-webpack.de\/index.php?rest_route=\/wp\/v2\/pages\/3523\/revisions\/12727"}],"wp:attachment":[{"href":"https:\/\/heimatverein.he-webpack.de\/index.php?rest_route=%2Fwp%2Fv2%2Fmedia&parent=3523"}],"curies":[{"name":"wp","href":"https:\/\/api.w.org\/{rel}","templated":true}]}}