{"id":149,"date":"2009-03-30T09:35:28","date_gmt":"2009-03-30T08:35:28","guid":{"rendered":"http:\/\/heimatverein.he-webpack.de\/?page_id=149"},"modified":"2026-02-02T21:28:47","modified_gmt":"2026-02-02T20:28:47","slug":"use-borger","status":"publish","type":"page","link":"https:\/\/heimatverein.he-webpack.de\/?page_id=149","title":{"rendered":"Ver\u00f6ffentlichungen \/ Use Borger"},"content":{"rendered":"<p><strong>Sehr geehrte Besucher, laiwe L\u00fce!<\/strong><\/p>\n<blockquote><p><a href=\"http:\/\/heimatverein.he-webpack.de\/wp-content\/uploads\/2019\/11\/AAA-Plakat.jpg\" rel=\"lightbox[149]\"><img loading=\"lazy\" decoding=\"async\" src=\"http:\/\/heimatverein.he-webpack.de\/wp-content\/uploads\/2019\/11\/AAA-Plakat-200x150.jpg\" alt=\"\" width=\"200\" height=\"160\" class=\"alignright size-thumbnail wp-image-9170\" \/><\/a><\/p>\n<p>Dej AK Geschichte in\u00b4n Heimatverein Borger<br \/>\narbeitet siet 1987 an dat Uparbeiten<br \/>\nvan Themen ut dej Vergangenheit van<br \/>\nuse Darp. Doartoau h\u00f6rt oak de L\u00fce<br \/>\ndej in Borger l\u00e4wet. 1989 un 1990 hab<br \/>\nwi, doamals unner de Leitung van Smers<br \/>\nAlbt (Albert Korten), Emges-Schniede-<br \/>\nsin-Joop (Josef Albers) twai Heimat-<br \/>\nKalender herutbroacht. Un van 1991<br \/>\nan, legge wi nu jedet Joahr \u00b4n Boauk<br \/>\n&#8222;Use Borger&#8220; as Joahresschrift up. V\u00e4hle<br \/>\nVertellzel ut dej Geschichte van Borger<br \/>\nb\u00fcnnt all upschraewen woarn, annere<br \/>\nb\u00fcnnt in de Moake. Gedichte van<br \/>\nbekannte un oak unbekannte L\u00fce<br \/>\nb\u00fcnnt v\u00f6rstellt woarn und B\u00e4lder<br \/>\nun Fotos, moaket deij Schrift mit<br \/>\nca. 120 bis 208 Siten ansehnlich un moij.<\/p>\n<p>Sit 1. Dez. 2025 is dat neije Bouk,<br \/>\ndej 35. Ausgabe Use Borger up\u00b4n Markt.<br \/>\nAlle olden Joahrgange b\u00fcnnt noch<br \/>\nbi us toau kriegen. Dej aktuelle Utgabe<br \/>\nvan Use Borger kostet 20,00 Euro.<br \/>\n(dej Boeuker 2024 bis 2016 dann 15\u20ac)<br \/>\n(Joahrgange 2015 bis 1995 kostet 12\u20ac)<br \/>\ndej ersten Utgaben (1994 bis 1991 8\u20ac). <\/p><\/blockquote>\n<p>V\u00f6rstellen doau wi<br \/>\n<a href=\"http:\/\/www.use-borger.de\">Use Borger<\/a> int Internet.<\/p><\/blockquote>\n<p>Will ih wat over dat Plattd\u00fcske w\u00e4ten? (Artikel ut Use Borger):<\/p>\n<p>&#8211; <a href=\"http:\/\/heimatverein.he-webpack.de\/?page_id=986\">OVER DAT PLATTD\u00dcTSKE<\/a> &#8211;<\/p>\n<p>Der H\u00fcmmling &#8211; Gemeinden auf einem Blick<\/p>\n<blockquote><p>\n<a href=\"http:\/\/heimatverein.he-webpack.de\/wp-content\/uploads\/2009\/03\/H\u00fcmFlyer600.jpg\"><img loading=\"lazy\" decoding=\"async\" src=\"http:\/\/heimatverein.he-webpack.de\/wp-content\/uploads\/2009\/03\/H\u00fcmFlyer600-195x300.jpg\" alt=\"H\u00fcmFlyer600\" title=\"H\u00fcmFlyer600\" width=\"195\" height=\"300\" class=\"alignright size-medium wp-image-2233\" srcset=\"https:\/\/heimatverein.he-webpack.de\/wp-content\/uploads\/2009\/03\/H\u00fcmFlyer600-195x300.jpg 195w, https:\/\/heimatverein.he-webpack.de\/wp-content\/uploads\/2009\/03\/H\u00fcmFlyer600.jpg 600w\" sizes=\"auto, (max-width: 195px) 100vw, 195px\" \/><\/a><br \/>\nDe H\u00fcmmlinger Heimatvereine haebt toau-<br \/>\nhope n\u00b4Heft uplaecht woar de H\u00fcmmling-<br \/>\nDaorpe und de Heimat voerstellt weerd.<br \/>\nDe Flyer-Sammlung is f\u00f6r\u00b4n Fremdenver-<br \/>\nkehr, aber oak f\u00f6r L\u00fce dej usen H\u00fcmmling<br \/>\nkennenleern will, moaket! Hier weerd 12<br \/>\nDarpe un 13 Heimatvereine v\u00f6rstellt. Dat<br \/>\nganze is mit EU-Gelder ut dat ILEK Pro-<br \/>\ngramm toaustande koamen un is in<br \/>\nSept. 2011 v\u00f6rstellt woarn. Man kann<br \/>\nse bi us kriegen.<br \/>\n.<br \/>\n.<br \/>\n.<br \/>\n.<br \/>\n.<br \/>\n.<br \/>\n.<br \/>\nFroaget doar na! = (<a href=\"http:\/\/heimatverein.he-webpack.de\/?page_id=55 \">Kontakt<\/a>).<\/p>\n<\/blockquote>\n<p>Die B\u00f6rger Chronik &#8211; B\u00f6rger, Geschichte des H\u00fcmmlingdorfes<\/p>\n<blockquote><p><a href=\"http:\/\/heimatverein.he-webpack.de\/?page_id=1015\"><img loading=\"lazy\" decoding=\"async\" src=\"http:\/\/heimatverein.he-webpack.de\/wp-content\/uploads\/2009\/03\/Buch_Deckbl-217x300.jpg\" alt=\"Buch_Deckbl\" title=\"Buch_Deckbl\" width=\"217\" height=\"300\" class=\"alignright size-medium wp-image-862\" srcset=\"https:\/\/heimatverein.he-webpack.de\/wp-content\/uploads\/2009\/03\/Buch_Deckbl-217x300.jpg 217w, https:\/\/heimatverein.he-webpack.de\/wp-content\/uploads\/2009\/03\/Buch_Deckbl.jpg 300w\" sizes=\"auto, (max-width: 217px) 100vw, 217px\" \/><\/a><\/a><\/p>\n<p>In 2005, habb wi in Borger bi de Fier<br \/>\n&#8211; 1150 Joahre Borger &#8211; eaine Chronik<br \/>\n &#8222;B\u00f6rger Geschichte des H\u00fcmmling-<br \/>\ndorfes&#8220; uplegt. Hier ist dej Geschichte<br \/>\nvan dat Darp faastehollen (van dej<br \/>\nGeologie, Fraue Geschichte, Middel-<br \/>\noeller, erste Hoffst\u00e4en, H\u00fcrlue, Brink-<br \/>\nsitter, K\u00f6tter, Hollandg\u00e4nger bis dej<br \/>\npolitische Geschichte, de Geschichte<br \/>\nvan dej Vereine, van dej Marken- un<br \/>\npolitische Gemeinde un noch vaehlet<br \/>\nmehr. Disse Chronik is 997 Sieten dick,<br \/>\nun is bi dej Gemeinde un oak bi us<br \/>\ntoau kriegen, se kostete fr\u00fcher 37\u20ac.<br \/>\nWi baeiet de ca. 1000sitige Chronik<br \/>\nfoer nu <strong>25 Euro <\/strong>an.<br \/>\nMehr doartau vertell wi bi\u00b4n<br \/>\n.<\/p>\n<p>&#8211; Musklick up dat Boauk &#8211;<\/p>\n<p>oder direkt bestellen over &#8222;<a href=\"http:\/\/heimatverein.he-webpack.de\/?page_id=55 \">Kontakt<\/a>&#8220;<\/p>\n<p>Wi k\u00f6nnt noch\u00b4n poar B\u00f6uke un Hefte anbaeien, dej wi oak verdrieven k\u00f6nnt.<\/p>\n<\/blockquote>\n<p>Flurnamenkatalog von Dr. Christian Harms aus Oldenburg 1996<\/p>\n<blockquote><p><img loading=\"lazy\" decoding=\"async\" src=\"http:\/\/heimatverein.he-webpack.de\/wp-content\/uploads\/2009\/03\/Flurnamenkatalog2-236x300.jpg\" alt=\"Flurnamenkatalog\" title=\"Flurnamenkatalog\" width=\"236\" height=\"300\" class=\"alignright size-medium wp-image-1719\" srcset=\"https:\/\/heimatverein.he-webpack.de\/wp-content\/uploads\/2009\/03\/Flurnamenkatalog2-236x300.jpg 236w, https:\/\/heimatverein.he-webpack.de\/wp-content\/uploads\/2009\/03\/Flurnamenkatalog2.jpg 600w\" sizes=\"auto, (max-width: 236px) 100vw, 236px\" \/><\/p>\n<p>1996 und 1997 habt Albert Korten \/<br \/>\nSmers Albt toauhope mit v\u00e4hle annere<br \/>\nBorger Luee (60 Einheimische), olde<br \/>\nBorger Flurnoamen, dej bis van Dage<br \/>\noverlaevert b\u00fcnnt un dej oak noch<br \/>\nwall bruket werd, toauhope drogen.<br \/>\nChristian Harms ut Friedrichsfehn bi<br \/>\nOldenborch haff dann &#8222;wissenschaftlich&#8220;<br \/>\ndoar over arbeitet, haff Archive bes\u00f6cht<br \/>\nun dat &#8222;W\u00e4ten&#8220; in\u00b4n Katalog ,olde un<br \/>\nneije Flurnoamen g\u00e4genoverstellt. Dat<br \/>\nKartenwark is nich bloos f\u00f6r Borger L\u00fce<br \/>\ninteressant. In V\u00f6rspann wat Land un<br \/>\nHeimat, Sproache un Offstammung ut\u00b4<br \/>\nnanner leacht. Bi us is dat Bouk f\u00f6r<br \/>\n12,00 \u20ac (ab Juli 2019) toau kriegen.<br \/>\n.<br \/>\n.<\/p>\n<p>Froaget us over = (<a href=\"http:\/\/heimatverein.he-webpack.de\/?page_id=55 \">Kontakt<\/a>).<\/p>\n<p>.<\/p>\n<\/blockquote>\n<p>V\u00e4hl Pl\u00e4iser bi\u00b4t use Hefte un B\u00f6uke.<\/p>\n<p>Hermann Ubbenjans<br \/>\n(Harmes Harm)<\/p>\n","protected":false},"excerpt":{"rendered":"<p>Sehr geehrte Besucher, laiwe L\u00fce!<\/p>\n<\/p>\n<p>Dej AK Geschichte in\u00b4n Heimatverein Borger arbeitet siet 1987 an dat Uparbeiten van Themen ut dej Vergangenheit van use Darp. Doartoau h\u00f6rt oak de L\u00fce dej in Borger l\u00e4wet. 1989 un 1990 hab wi, doamals unner de Leitung van Smers Albt (Albert Korten), Emges-Schniede- sin-Joop (Josef Albers) twai Heimat- [&#8230;]<\/p>\n","protected":false},"author":2,"featured_media":0,"parent":0,"menu_order":8,"comment_status":"open","ping_status":"open","template":"","meta":{"ngg_post_thumbnail":0,"footnotes":""},"class_list":["post-149","page","type-page","status-publish","hentry","odd"],"_links":{"self":[{"href":"https:\/\/heimatverein.he-webpack.de\/index.php?rest_route=\/wp\/v2\/pages\/149","targetHints":{"allow":["GET"]}}],"collection":[{"href":"https:\/\/heimatverein.he-webpack.de\/index.php?rest_route=\/wp\/v2\/pages"}],"about":[{"href":"https:\/\/heimatverein.he-webpack.de\/index.php?rest_route=\/wp\/v2\/types\/page"}],"author":[{"embeddable":true,"href":"https:\/\/heimatverein.he-webpack.de\/index.php?rest_route=\/wp\/v2\/users\/2"}],"replies":[{"embeddable":true,"href":"https:\/\/heimatverein.he-webpack.de\/index.php?rest_route=%2Fwp%2Fv2%2Fcomments&post=149"}],"version-history":[{"count":156,"href":"https:\/\/heimatverein.he-webpack.de\/index.php?rest_route=\/wp\/v2\/pages\/149\/revisions"}],"predecessor-version":[{"id":14183,"href":"https:\/\/heimatverein.he-webpack.de\/index.php?rest_route=\/wp\/v2\/pages\/149\/revisions\/14183"}],"wp:attachment":[{"href":"https:\/\/heimatverein.he-webpack.de\/index.php?rest_route=%2Fwp%2Fv2%2Fmedia&parent=149"}],"curies":[{"name":"wp","href":"https:\/\/api.w.org\/{rel}","templated":true}]}}