{"id":3244,"date":"2013-10-31T10:28:11","date_gmt":"2013-10-31T09:28:11","guid":{"rendered":"http:\/\/heimatverein.he-webpack.de\/?page_id=3244"},"modified":"2013-10-31T10:57:37","modified_gmt":"2013-10-31T09:57:37","slug":"gedanken-zum-volkstrauertag","status":"publish","type":"page","link":"http:\/\/heimatverein.he-webpack.de\/?page_id=3244","title":{"rendered":"Gedanken zum Volkstrauertag"},"content":{"rendered":"<p><a href=\"http:\/\/heimatverein.he-webpack.de\/wp-content\/uploads\/2013\/10\/Brief-Heisser-Willy.jpg\" rel=\"lightbox[3244]\"><img loading=\"lazy\" decoding=\"async\" src=\"http:\/\/heimatverein.he-webpack.de\/wp-content\/uploads\/2013\/10\/Brief-Heisser-Willy-300x211.jpg\" alt=\"Letzter Brief - Willy Sch\u00fcrmann\" title=\"Letzter Brief - Willy Sch\u00fcrmann\" width=\"300\" height=\"211\" class=\"alignright size-medium wp-image-3245\" srcset=\"http:\/\/heimatverein.he-webpack.de\/wp-content\/uploads\/2013\/10\/Brief-Heisser-Willy-300x211.jpg 300w, http:\/\/heimatverein.he-webpack.de\/wp-content\/uploads\/2013\/10\/Brief-Heisser-Willy-1024x721.jpg 1024w, http:\/\/heimatverein.he-webpack.de\/wp-content\/uploads\/2013\/10\/Brief-Heisser-Willy.jpg 1200w\" sizes=\"auto, (max-width: 300px) 100vw, 300px\" \/><\/a><br \/>\n<strong>von Hermann Schmitz,<br \/>\nVorsitzender des Heimatverein B\u00f6rger<\/strong><\/p>\n<p>01.11.2013 UB &#8211; Dies war der letzte Brief von Wilhelm Sch\u00fcrmann, den man in B\u00f6rger besser und dem Namen \u201eHeisser Willi\u201c kannte. Geschrieben hat er ihn am 13. August 1942 an der Ostfront vor Stalingrad. Gefallen ist er 10 Tage sp\u00e4ter beim Angriff auf Stalingrad. Als der Brief seine Familie in B\u00f6rger erreicht, war Willy schon tot. Der Heimatverein B\u00f6rger hat diesen und eine Reihe weiterer ergreifender Briefe von B\u00f6rger Soldaten von den Fronten des II. Weltkrieges in seiner Jahresschrift 1995 ver\u00f6ffentlicht.<\/p>\n<p>Ein solch ganz pers\u00f6nlicher Einblick in das Grauen des Krieges ist \u00e4u\u00dferst bedr\u00fcckend, denn die privaten Worte an die Familie veranschaulichen die Dimension des Kriegsleids Einzelner. Wenngleich schon 70 Jahre vergangen sind, so sind Briefe wie dieser, nach wie vor bitterer Alltag vieler Menschen auf dieser Welt. Denn Krieg ist nicht Geschichte. Krieg ist auch in diesen Tagen noch immer Realit\u00e4t. Auch heute sind deutsche Soldaten und Sicherheitskr\u00e4fte wieder im Kriegseinsatz weit entfernt von der Heimat t\u00e4tig. Sie riskieren Leib und Leben in Afghanistan und in anderen Krisengebieten der Erde.<\/p>\n<p>\u00dcber 70 Jahre nach Stalingrad haben wir wieder Tote und Verwundete zu beklagen. Der Volkstrauertag hat deshalb keineswegs an Aktualit\u00e4t verloren. Wir brauchen den  Tag mehr denn je, um an das Schicksal all der Menschen zu erinnern, die mittelbar oder unmittelbar vom Krieg betroffen sind. <\/p>\n<p>Es geht nicht um das Gedenken an das historische Ereignis \u201eKrieg\u201c, sondern vor allem auch um Einzelschicksale wie die des Wilhelm Sch\u00fcrmann von der Waldstra\u00dfe in B\u00f6rger und der anderen Gefallenen und Verletzten der Kriege.<\/p>\n<p><strong>Berthold Brecht sagte einmal: \u201eDer Mensch ist erst wirklich tot, wenn niemand mehr an ihn denkt\u201c.<br \/>\n<\/strong><br \/>\nDamit genau diese nicht geschieht, ist unser heutiges gemeinsames Gedenken an die Toten wichtig, gerade auch f\u00fcr die Hinterbliebenen. Sie d\u00fcrfen wir mit ihrem Schmerz und ihrer Suche nach Antworten nicht allein lassen. So wie wir Tage und Momente des Innehaltens brauchen, so ben\u00f6tigen wir auch Orte des Gedenkens. Erinnern erfordert Sichtbarmachen. Erinnern mu\u00df Konstruktiv sein, um aus der Vergangenheit Lehren f\u00fcr die Gegenwart und die Zukunft zu ziehen. Wir haben hier mit unserem Kriegerdenkmal einen solchen Ort des Gedenkens, mitten im Dorf, mitten unter uns.<\/p>\n<p>Wir wollen hier nicht in Trauer verharren, sondern aus dieser Veranstaltung auch Trost, Hoffnung und Mut sch\u00f6pfen.<\/p>\n<p>&#8211;\tTrost und Hoffnung, dass es uns gelingt, gemeinsam eine Welt zu schaffen, in der Konflikte nicht mehr mit Gewalt ausgetragen werden und alle Menschen, unterschiedlicher Herkunft, Rasse und Anschauung friedlich neben einander leben k\u00f6nnen.<br \/>\n&#8211;\tWir m\u00fcssen die Kraft und den Mut gewinnen, aufzustehen gegen alle, die Krieg, Terror und Gewalt verherrlichen oder als M\u00f6glichkeit der Konfliktbew\u00e4ltigung ansehen. <\/p>\n","protected":false},"excerpt":{"rendered":"<p> von Hermann Schmitz, Vorsitzender des Heimatverein B\u00f6rger<\/p>\n<p>01.11.2013 UB &#8211; Dies war der letzte Brief von Wilhelm Sch\u00fcrmann, den man in B\u00f6rger besser und dem Namen \u201eHeisser Willi\u201c kannte. Geschrieben hat er ihn am 13. August 1942 an der Ostfront vor Stalingrad. Gefallen ist er 10 Tage sp\u00e4ter beim Angriff auf Stalingrad. Als der [&#8230;]<\/p>\n","protected":false},"author":2,"featured_media":0,"parent":0,"menu_order":0,"comment_status":"closed","ping_status":"open","template":"","meta":{"ngg_post_thumbnail":0,"footnotes":""},"class_list":["post-3244","page","type-page","status-publish","hentry","odd"],"_links":{"self":[{"href":"http:\/\/heimatverein.he-webpack.de\/index.php?rest_route=\/wp\/v2\/pages\/3244","targetHints":{"allow":["GET"]}}],"collection":[{"href":"http:\/\/heimatverein.he-webpack.de\/index.php?rest_route=\/wp\/v2\/pages"}],"about":[{"href":"http:\/\/heimatverein.he-webpack.de\/index.php?rest_route=\/wp\/v2\/types\/page"}],"author":[{"embeddable":true,"href":"http:\/\/heimatverein.he-webpack.de\/index.php?rest_route=\/wp\/v2\/users\/2"}],"replies":[{"embeddable":true,"href":"http:\/\/heimatverein.he-webpack.de\/index.php?rest_route=%2Fwp%2Fv2%2Fcomments&post=3244"}],"version-history":[{"count":6,"href":"http:\/\/heimatverein.he-webpack.de\/index.php?rest_route=\/wp\/v2\/pages\/3244\/revisions"}],"predecessor-version":[{"id":3248,"href":"http:\/\/heimatverein.he-webpack.de\/index.php?rest_route=\/wp\/v2\/pages\/3244\/revisions\/3248"}],"wp:attachment":[{"href":"http:\/\/heimatverein.he-webpack.de\/index.php?rest_route=%2Fwp%2Fv2%2Fmedia&parent=3244"}],"curies":[{"name":"wp","href":"https:\/\/api.w.org\/{rel}","templated":true}]}}