{"id":146,"date":"2009-03-30T09:33:38","date_gmt":"2009-03-30T08:33:38","guid":{"rendered":"http:\/\/heimatverein.he-webpack.de\/?page_id=146"},"modified":"2026-01-07T18:33:38","modified_gmt":"2026-01-07T17:33:38","slug":"arbeitskreise","status":"publish","type":"page","link":"http:\/\/heimatverein.he-webpack.de\/?page_id=146","title":{"rendered":"Arbeitskreise"},"content":{"rendered":"<blockquote><p>\n<strong>Heimathausservice<\/strong><\/p>\n<div id=\"attachment_4813\" style=\"width: 210px\" class=\"wp-caption alignright\"><a href=\"http:\/\/heimatverein.he-webpack.de\/wp-content\/uploads\/2009\/03\/HH-2015-1200.jpg\" rel=\"lightbox[146]\"><img loading=\"lazy\" decoding=\"async\" aria-describedby=\"caption-attachment-4813\" src=\"http:\/\/heimatverein.he-webpack.de\/wp-content\/uploads\/2009\/03\/HH-2015-1200-200x150.jpg\" alt=\"\" width=\"200\" height=\"150\" class=\"size-thumbnail wp-image-4813\" \/><\/a><p id=\"caption-attachment-4813\" class=\"wp-caption-text\">Heimathaus B\u00f6rger 2015<\/p><\/div>\n<p>Das \u201eHeimathausserviceteam\u201c k\u00fcmmert sich um die<br \/>\nBewirtung und Betreuung von G\u00e4stegruppen im<br \/>\nHeimathaus. Das Heimathaus B\u00f6rger ist im Jahre<br \/>\n1985 an der Lehmkuhle aufgebaut worden und ist<br \/>\nim Jahre 2002 von der Gemeinde und dem HV restau-<br \/>\nriert worden. Johanna Terhalle organisiert hier<br \/>\ndie Belegung und organisiert die Vor- und Nach-<br \/>\nbereitung der Veranstaltungen. Das &#8222;Plattproater-<br \/>\nkaffee&#8220; findet jeden 2. Sonntag im Monat statt.<br \/>\nHier sind die Geschwister Hagen (Monika Langen<br \/>\nund Andrea L\u00fcken) verantwortlich.<\/p>\n<p>Ansprechperson ist: <\/p>\n<p><strong> Johanna Terhalle<br \/>\nFeldweg 1,<br \/>\nTel.: 05953\/8378 u: 0151-14156469<\/p>\n<p>26904 B\u00f6rger <\/strong><\/p><\/blockquote>\n<blockquote><div id=\"attachment_6247\" style=\"width: 210px\" class=\"wp-caption alignright\"><a href=\"http:\/\/heimatverein.he-webpack.de\/wp-content\/uploads\/2016\/09\/FamForschgHilk-1200.jpg\" rel=\"lightbox[146]\"><img loading=\"lazy\" decoding=\"async\" aria-describedby=\"caption-attachment-6247\" src=\"http:\/\/heimatverein.he-webpack.de\/wp-content\/uploads\/2016\/09\/FamForschgHilk-1200-200x150.jpg\" alt=\"\" width=\"200\" height=\"150\" class=\"size-thumbnail wp-image-6247\" \/><\/a><p id=\"caption-attachment-6247\" class=\"wp-caption-text\">Vorstellung der Jahresschriften auf dem Kreisheimattag 2016 in Hilkenbrook (von li.: Hans Geers, Hermann Ubbenjans u. Heinz Oldiges)<\/p><\/div>\n<p><strong>AK Geschichte<\/strong><\/p>\n<p>Der Arbeitskreis &#8222;Geschichte&#8220; arbeitet Themen<br \/>\nrund um B\u00f6rger auf und seit 1991 werden die<br \/>\nMaterialien in der Jahresschrift \u201e <a href=\"http:\/\/www.use-borger.de\">&#8211; Use Borger &#8211;<\/a> \u201c<br \/>\nver\u00f6ffentlicht.<br \/>\nDie aktuellen Jahresschriften sind bei den<br \/>\nverschiedenen Verkaufsstellen in B\u00f6rger<br \/>\nerh\u00e4ltlich. \u00c4ltere Jahrg\u00e4nge sind \u00fcber den<br \/>\nAK-Leiter erh\u00e4ltlich.<\/p>\n<p>Infos von:<\/p>\n<p><strong>Hermann Ubbenjans<br \/>\nBergstr. 4<br \/>\nTel.: 05953\/441 <\/p>\n<p>26904 B\u00f6rger<\/strong>: <\/p>\n<p><strong><a href=\"http:\/\/www.heimatverein.he-webpack.de\/?page_id=1166\">&#8211; Familienforschung &#8211;<\/a><\/strong><\/p>\n<p>Innerhalb dieses Arbeitskreises sind auch die Familienforscher aktiv. Wer etwas \u00fcber seine Vorfahren, die in B\u00f6rger sowie den Tochtersiedlungen (Neub\u00f6rger, Breddenberg, B\u00f6rgerwald oder B\u00f6rgermoor) wohnhaft waren, erfahren m\u00f6chte, wende sich ebenfalls an Hermann Ubbenjans.<\/p><\/blockquote>\n<blockquote><p>\n<strong>Museum &#8211; Zehntscheune<\/strong><\/p>\n<p><a href=\"http:\/\/heimatverein.he-webpack.de\/wp-content\/uploads\/2009\/03\/Sievers-Stefan.jpg\" rel=\"lightbox[146]\"><img loading=\"lazy\" decoding=\"async\" src=\"http:\/\/heimatverein.he-webpack.de\/wp-content\/uploads\/2009\/03\/Sievers-Stefan-199x300.jpg\" alt=\"Sievers Stefan\" title=\"Sievers Stefan\" width=\"150\" height=\"225\" class=\"alignright size-medium wp-image-4707\" srcset=\"http:\/\/heimatverein.he-webpack.de\/wp-content\/uploads\/2009\/03\/Sievers-Stefan-199x300.jpg 199w, http:\/\/heimatverein.he-webpack.de\/wp-content\/uploads\/2009\/03\/Sievers-Stefan.jpg 371w\" sizes=\"auto, (max-width: 150px) 100vw, 150px\" \/><\/a>Der Heimatverein B\u00f6rger unterh\u00e4lt eine historische Sammlung von mehreren hundert Exponaten aus der Hauswirtschaft sowie der Landwirtschaft voriger Jahrhunderte. Der neue AK &#8220; <a href=\"http:\/\/www.heimatverein.he-webpack.de\/?page_id=1133\">&#8211; Museum und Zehntscheune &#8211;<\/a> &#8220; hat es sich zur Aufgabe gemacht, im zweiten Geb\u00e4ude, welches von 2014 bis 2023 erstellt wurde, zu realisieren. Wir haben dieses Geb\u00e4ude Zehntscheune genannt. Viele wertvolle Exponate beherbert dieses Geb\u00e4ude. Auch im Au\u00dfenbereich des Heimathofes sind alte Maschinen ausgestellt. Viele Exponate m\u00fcssen noch mit einem Kurztext und QR-Code beschriftet und erkl\u00e4rt werden.<\/p>\n<p>Ansprechpartner ist:<\/p>\n<p><strong>Stefan Sievers<br \/>\nFasanenweg 4<br \/>\nTel.: 05953\/8939<\/p>\n<p>26904 B\u00f6rger <\/strong><\/p><\/blockquote>\n<blockquote>\n<p><a href=\"http:\/\/heimatverein.he-webpack.de\/wp-content\/uploads\/2023\/03\/Plattproater-Langen-Monika.jpg\" rel=\"lightbox[146]\"><img decoding=\"async\" src=\"http:\/\/heimatverein.he-\n\n<\/p><\/blockquote>\n","protected":false},"excerpt":{"rendered":"<p> Heimathausservice<\/p>\n<p id=\"caption-attachment-4813\" class=\"wp-caption-text\">Heimathaus B\u00f6rger 2015<\/p>\n<p>Das \u201eHeimathausserviceteam\u201c k\u00fcmmert sich um die Bewirtung und Betreuung von G\u00e4stegruppen im Heimathaus. Das Heimathaus B\u00f6rger ist im Jahre 1985 an der Lehmkuhle aufgebaut worden und ist im Jahre 2002 von der Gemeinde und dem HV restau- riert worden. Johanna Terhalle organisiert hier die Belegung und organisiert die [&#8230;]<\/p>\n","protected":false},"author":2,"featured_media":0,"parent":140,"menu_order":7,"comment_status":"open","ping_status":"open","template":"","meta":{"ngg_post_thumbnail":0,"footnotes":""},"class_list":["post-146","page","type-page","status-publish","hentry","odd"],"_links":{"self":[{"href":"http:\/\/heimatverein.he-webpack.de\/index.php?rest_route=\/wp\/v2\/pages\/146","targetHints":{"allow":["GET"]}}],"collection":[{"href":"http:\/\/heimatverein.he-webpack.de\/index.php?rest_route=\/wp\/v2\/pages"}],"about":[{"href":"http:\/\/heimatverein.he-webpack.de\/index.php?rest_route=\/wp\/v2\/types\/page"}],"author":[{"embeddable":true,"href":"http:\/\/heimatverein.he-webpack.de\/index.php?rest_route=\/wp\/v2\/users\/2"}],"replies":[{"embeddable":true,"href":"http:\/\/heimatverein.he-webpack.de\/index.php?rest_route=%2Fwp%2Fv2%2Fcomments&post=146"}],"version-history":[{"count":125,"href":"http:\/\/heimatverein.he-webpack.de\/index.php?rest_route=\/wp\/v2\/pages\/146\/revisions"}],"predecessor-version":[{"id":14107,"href":"http:\/\/heimatverein.he-webpack.de\/index.php?rest_route=\/wp\/v2\/pages\/146\/revisions\/14107"}],"up":[{"embeddable":true,"href":"http:\/\/heimatverein.he-webpack.de\/index.php?rest_route=\/wp\/v2\/pages\/140"}],"wp:attachment":[{"href":"http:\/\/heimatverein.he-webpack.de\/index.php?rest_route=%2Fwp%2Fv2%2Fmedia&parent=146"}],"curies":[{"name":"wp","href":"https:\/\/api.w.org\/{rel}","templated":true}]}}